{"id":535,"date":"2021-04-27T16:51:44","date_gmt":"2021-04-27T16:51:44","guid":{"rendered":"https:\/\/poliambulatorioprivatomedico.com\/poli\/?page_id=535"},"modified":"2021-05-05T13:24:15","modified_gmt":"2021-05-05T13:24:15","slug":"akvilija-franckeviciute","status":"publish","type":"page","link":"https:\/\/poliambulatorioprivatomedico.com\/poli\/akvilija-franckeviciute\/","title":{"rendered":"AKVILIJA FRANCKEVICIUTE"},"content":{"rendered":"\n<h2 class=\"wp-block-heading\">AKVILIJA FRANCKEVICIUTE<\/h2>\n\n\n\n<p class=\"has-colibri-color-6-color has-text-color\"><strong>Nel 2001 si laurea presso la facolt\u00e0 di Stomatologia, all\u2019Universit\u00e0 di Medicina di Kaunas, in Lituania. Dal 2002 al 2005 esercita in Lituania e partecipa a diversi seminari organizzati dalla Lietuvos Odontologu Rumu <br>(Associazione Odontoiatri Lituani) su vari temi. Il 14\/04\/06 ottiene il riconoscimento del titolo di studio e la conseguente abilitazione professionale dal Ministero della Salute della Repubblica Italiana. <\/strong><br><br><strong>Dal 28\/11\/06 \u00e8 iscritta all\u2019Ordine dei Medici Chirurghi e degli Odontoiatri di Bologna. Poi dal 24\/11\/2011 \u00e8 iscritta all\u2019Ordine dei Medici Chirurghi e degli Odontoiatri di Modena.<\/strong><\/p>\n\n\n\n<div class=\"wp-block-cover has-background-dim\"><img loading=\"lazy\" decoding=\"async\" width=\"1334\" height=\"1001\" class=\"wp-block-cover__image-background wp-image-59\" alt=\"\" src=\"https:\/\/poliambulatorioprivatomedico.com\/poli\/wp-content\/uploads\/2021\/04\/BN-POLI-13.png\" data-object-fit=\"cover\" srcset=\"https:\/\/poliambulatorioprivatomedico.com\/poli\/wp-content\/uploads\/2021\/04\/BN-POLI-13.png 1334w, https:\/\/poliambulatorioprivatomedico.com\/poli\/wp-content\/uploads\/2021\/04\/BN-POLI-13-300x225.png 300w, https:\/\/poliambulatorioprivatomedico.com\/poli\/wp-content\/uploads\/2021\/04\/BN-POLI-13-1024x768.png 1024w, https:\/\/poliambulatorioprivatomedico.com\/poli\/wp-content\/uploads\/2021\/04\/BN-POLI-13-768x576.png 768w\" sizes=\"auto, (max-width: 1334px) 100vw, 1334px\" \/><div class=\"wp-block-cover__inner-container is-layout-flow wp-block-cover-is-layout-flow\">\n<p class=\"has-text-align-center has-large-font-size\"><br><\/p>\n<\/div><\/div>\n\n\n\n<h2 class=\"wp-block-heading\"><br>ENDODONZIA<\/h2>\n\n\n\n<p class=\"has-colibri-color-6-color has-text-color\"><strong>L\u2019<a href=\"https:\/\/www.endodonzia.it\/cose-lendodonzia\/\" target=\"_blank\" rel=\"noreferrer noopener\">endodonzia<\/a> \u00e8 la branca dell\u2019odontoiatria che si occupa del trattamento dei canali radicolari, cio\u00e8 quella che viene comunemente detta \u201c<a href=\"https:\/\/it.wikipedia.org\/wiki\/Devitalizzazione\" target=\"_blank\" rel=\"noreferrer noopener\">devitalizzazione<\/a>\u201d.<\/strong> <br>La terapia del sistema dei canali radicolari, non si limita alla semplice rimozione del tessuto pulpare che si trova all\u2019interno della camera e dei canali (volgarmente detto \u201cnervo\u201d), ma ad una serie di procedure di estrema complessit\u00e0 tecnica e di grande precisione che oggi utilizzano tecnologie all\u2019avanguardia forse pi\u00f9 che in qualsiasi altro campo dell\u2019odontoiatria. <\/p>\n\n\n\n<figure class=\"wp-block-gallery columns-2 is-cropped wp-block-gallery-1 is-layout-flex wp-block-gallery-is-layout-flex\"><ul class=\"blocks-gallery-grid\"><li class=\"blocks-gallery-item\"><figure><a href=\"https:\/\/poliambulatorioprivatomedico.com\/poli\/wp-content\/uploads\/2021\/04\/Immagine5.jpg\"><img loading=\"lazy\" decoding=\"async\" width=\"474\" height=\"316\" src=\"https:\/\/poliambulatorioprivatomedico.com\/poli\/wp-content\/uploads\/2021\/04\/Immagine5.jpg\" alt=\"\" data-id=\"1122\" data-full-url=\"https:\/\/poliambulatorioprivatomedico.com\/poli\/wp-content\/uploads\/2021\/04\/Immagine5.jpg\" data-link=\"https:\/\/poliambulatorioprivatomedico.com\/poli\/?attachment_id=1122\" class=\"wp-image-1122\" srcset=\"https:\/\/poliambulatorioprivatomedico.com\/poli\/wp-content\/uploads\/2021\/04\/Immagine5.jpg 474w, https:\/\/poliambulatorioprivatomedico.com\/poli\/wp-content\/uploads\/2021\/04\/Immagine5-300x200.jpg 300w\" sizes=\"auto, (max-width: 474px) 100vw, 474px\" \/><\/a><\/figure><\/li><li class=\"blocks-gallery-item\"><figure><a href=\"https:\/\/poliambulatorioprivatomedico.com\/poli\/wp-content\/uploads\/2021\/04\/Immagine6-1.png\"><img loading=\"lazy\" decoding=\"async\" width=\"936\" height=\"590\" src=\"https:\/\/poliambulatorioprivatomedico.com\/poli\/wp-content\/uploads\/2021\/04\/Immagine6-1.png\" alt=\"\" data-id=\"1123\" data-full-url=\"https:\/\/poliambulatorioprivatomedico.com\/poli\/wp-content\/uploads\/2021\/04\/Immagine6-1.png\" data-link=\"https:\/\/poliambulatorioprivatomedico.com\/poli\/?attachment_id=1123\" class=\"wp-image-1123\" srcset=\"https:\/\/poliambulatorioprivatomedico.com\/poli\/wp-content\/uploads\/2021\/04\/Immagine6-1.png 936w, https:\/\/poliambulatorioprivatomedico.com\/poli\/wp-content\/uploads\/2021\/04\/Immagine6-1-300x189.png 300w, https:\/\/poliambulatorioprivatomedico.com\/poli\/wp-content\/uploads\/2021\/04\/Immagine6-1-768x484.png 768w\" sizes=\"auto, (max-width: 936px) 100vw, 936px\" \/><\/a><\/figure><\/li><\/ul><\/figure>\n\n\n\n<p class=\"has-colibri-color-6-color has-text-color\">La terapia canalare pu\u00f2 essere indicata in molti casi: in presenza di una carie profonda per cui il tessuto pulpare \u00e8 gi\u00e0 infetto; per necessit\u00e0 protesiche, cio\u00e8 quando lo spessore della ceramica del restauro richiede l\u2019asportazione di tessuto dentale tale per cui ci si avvicina molto alla polpa creando cos\u00ec potenziali problematiche nell\u2019immediato o in futuro; per forti sensibilit\u00e0 dentarie; per microfratture o traumi dentali che arrivano in profondit\u00e0 a contatto con la polpa in grado di causare una pulpite anche senza presenza di carie; quando il dente \u00e8 molto distrutto ed \u00e8 necessario un ancoraggio del restauro con perni radicolari.<\/p>\n\n\n\n<h2 class=\"wp-block-heading\">CONSERVATIVA<\/h2>\n\n\n\n<figure class=\"wp-block-gallery columns-3 is-cropped wp-block-gallery-2 is-layout-flex wp-block-gallery-is-layout-flex\"><ul class=\"blocks-gallery-grid\"><li class=\"blocks-gallery-item\"><figure><a href=\"https:\/\/poliambulatorioprivatomedico.com\/poli\/wp-content\/uploads\/2021\/04\/Immagine7.jpg\"><img loading=\"lazy\" decoding=\"async\" width=\"300\" height=\"169\" src=\"https:\/\/poliambulatorioprivatomedico.com\/poli\/wp-content\/uploads\/2021\/04\/Immagine7.jpg\" alt=\"\" data-id=\"1128\" data-full-url=\"https:\/\/poliambulatorioprivatomedico.com\/poli\/wp-content\/uploads\/2021\/04\/Immagine7.jpg\" data-link=\"https:\/\/poliambulatorioprivatomedico.com\/poli\/?attachment_id=1128\" class=\"wp-image-1128\"\/><\/a><figcaption class=\"blocks-gallery-item__caption\">CONSERVATIVA<\/figcaption><\/figure><\/li><li class=\"blocks-gallery-item\"><figure><a href=\"https:\/\/poliambulatorioprivatomedico.com\/poli\/wp-content\/uploads\/2021\/04\/Immagine8.jpg\"><img loading=\"lazy\" decoding=\"async\" width=\"999\" height=\"526\" src=\"https:\/\/poliambulatorioprivatomedico.com\/poli\/wp-content\/uploads\/2021\/04\/Immagine8.jpg\" alt=\"\" data-id=\"1129\" data-full-url=\"https:\/\/poliambulatorioprivatomedico.com\/poli\/wp-content\/uploads\/2021\/04\/Immagine8.jpg\" data-link=\"https:\/\/poliambulatorioprivatomedico.com\/poli\/?attachment_id=1129\" class=\"wp-image-1129\" srcset=\"https:\/\/poliambulatorioprivatomedico.com\/poli\/wp-content\/uploads\/2021\/04\/Immagine8.jpg 999w, https:\/\/poliambulatorioprivatomedico.com\/poli\/wp-content\/uploads\/2021\/04\/Immagine8-300x158.jpg 300w, https:\/\/poliambulatorioprivatomedico.com\/poli\/wp-content\/uploads\/2021\/04\/Immagine8-768x404.jpg 768w\" sizes=\"auto, (max-width: 999px) 100vw, 999px\" \/><\/a><figcaption class=\"blocks-gallery-item__caption\">PRIMA<\/figcaption><\/figure><\/li><li class=\"blocks-gallery-item\"><figure><a href=\"https:\/\/poliambulatorioprivatomedico.com\/poli\/wp-content\/uploads\/2021\/04\/Immagine9.jpg\"><img loading=\"lazy\" decoding=\"async\" width=\"1003\" height=\"493\" src=\"https:\/\/poliambulatorioprivatomedico.com\/poli\/wp-content\/uploads\/2021\/04\/Immagine9.jpg\" alt=\"\" data-id=\"1130\" data-full-url=\"https:\/\/poliambulatorioprivatomedico.com\/poli\/wp-content\/uploads\/2021\/04\/Immagine9.jpg\" data-link=\"https:\/\/poliambulatorioprivatomedico.com\/poli\/?attachment_id=1130\" class=\"wp-image-1130\" srcset=\"https:\/\/poliambulatorioprivatomedico.com\/poli\/wp-content\/uploads\/2021\/04\/Immagine9.jpg 1003w, https:\/\/poliambulatorioprivatomedico.com\/poli\/wp-content\/uploads\/2021\/04\/Immagine9-300x147.jpg 300w, https:\/\/poliambulatorioprivatomedico.com\/poli\/wp-content\/uploads\/2021\/04\/Immagine9-768x377.jpg 768w\" sizes=\"auto, (max-width: 1003px) 100vw, 1003px\" \/><\/a><figcaption class=\"blocks-gallery-item__caption\">DOPO<\/figcaption><\/figure><\/li><\/ul><\/figure>\n\n\n\n<p class=\"has-colibri-color-6-color has-text-color\"><strong>La <a href=\"https:\/\/it.wikipedia.org\/wiki\/Odontoiatria_conservativa\" target=\"_blank\" rel=\"noreferrer noopener\">Conservativa<\/a> \u00e8 una disciplina odontoiatrica affidata alle nostra dottoressa e si occupa di Conservare l\u2019elemento dentale prima di tutto!<\/strong> <br>Si interviene quindi con piccole o grandi otturazioni con materiali sempre pi\u00f9 rispettosi del dente e della sua estetica le otturazioni non sono tutte uguali esiste una classificazione che le ordina quantificandone anche di conseguenza il loro costo<\/p>\n\n\n\n<div class=\"wp-block-cover has-background-dim\"><img loading=\"lazy\" decoding=\"async\" width=\"1515\" height=\"1006\" class=\"wp-block-cover__image-background wp-image-58\" alt=\"\" src=\"https:\/\/poliambulatorioprivatomedico.com\/poli\/wp-content\/uploads\/2021\/04\/BN-POLI-12.png\" data-object-fit=\"cover\" srcset=\"https:\/\/poliambulatorioprivatomedico.com\/poli\/wp-content\/uploads\/2021\/04\/BN-POLI-12.png 1515w, https:\/\/poliambulatorioprivatomedico.com\/poli\/wp-content\/uploads\/2021\/04\/BN-POLI-12-300x199.png 300w, https:\/\/poliambulatorioprivatomedico.com\/poli\/wp-content\/uploads\/2021\/04\/BN-POLI-12-1024x680.png 1024w, https:\/\/poliambulatorioprivatomedico.com\/poli\/wp-content\/uploads\/2021\/04\/BN-POLI-12-768x510.png 768w\" sizes=\"auto, (max-width: 1515px) 100vw, 1515px\" \/><div class=\"wp-block-cover__inner-container is-layout-flow wp-block-cover-is-layout-flow\">\n<p><br><br><\/p>\n<\/div><\/div>\n\n\n\n<h2 class=\"has-text-align-center wp-block-heading\"><br>FREE TIME<\/h2>\n\n\n\n<div class=\"wp-block-image\"><figure class=\"aligncenter size-large is-resized\"><img loading=\"lazy\" decoding=\"async\" src=\"https:\/\/poliambulatorioprivatomedico.com\/poli\/wp-content\/uploads\/2021\/04\/AKVIJILIA.jpg\" alt=\"AKVILIJA FRANCKEVICIUTE\" class=\"wp-image-1135\" width=\"316\" height=\"502\"\/><figcaption>AKVILIJA FRANCKEVICIUTE<\/figcaption><\/figure><\/div>\n\n\n\n<div class=\"wp-block-image\"><figure class=\"aligncenter size-large\"><img loading=\"lazy\" decoding=\"async\" width=\"966\" height=\"142\" src=\"https:\/\/poliambulatorioprivatomedico.com\/poli\/wp-content\/uploads\/2021\/05\/separatore.png\" alt=\"\" class=\"wp-image-1376\" srcset=\"https:\/\/poliambulatorioprivatomedico.com\/poli\/wp-content\/uploads\/2021\/05\/separatore.png 966w, https:\/\/poliambulatorioprivatomedico.com\/poli\/wp-content\/uploads\/2021\/05\/separatore-300x44.png 300w, https:\/\/poliambulatorioprivatomedico.com\/poli\/wp-content\/uploads\/2021\/05\/separatore-768x113.png 768w\" sizes=\"auto, (max-width: 966px) 100vw, 966px\" \/><\/figure><\/div>\n","protected":false},"excerpt":{"rendered":"<p>AKVILIJA FRANCKEVICIUTE Nel 2001 si laurea presso la facolt\u00e0 di Stomatologia, all\u2019Universit\u00e0 di Medicina di Kaunas, in Lituania. Dal 2002 al 2005 esercita in Lituania e partecipa a diversi seminari organizzati dalla Lietuvos Odontologu Rumu (Associazione Odontoiatri Lituani) su vari temi. Il 14\/04\/06 ottiene il riconoscimento del titolo di studio e la conseguente abilitazione professionale [&hellip;]<\/p>\n","protected":false},"author":1,"featured_media":0,"parent":0,"menu_order":0,"comment_status":"closed","ping_status":"closed","template":"","meta":{"footnotes":""},"class_list":["post-535","page","type-page","status-publish","hentry"],"yoast_head":"<!-- This site is optimized with the Yoast SEO plugin v26.4 - https:\/\/yoast.com\/wordpress\/plugins\/seo\/ -->\n<title>AKVILIJA FRANCKEVICIUTE SPECIALISTA AL POLAMB. FINALE EMILIA<\/title>\n<meta name=\"description\" content=\"AKVILIJA FRANCKEVICIUTE \u00e8 iscritta all\u2019Ordine dei Medici Chirurghi e Odontoiatri di Bologna e Modena e si occupa di endodonzia e conservativa\" \/>\n<meta name=\"robots\" content=\"index, follow, max-snippet:-1, max-image-preview:large, max-video-preview:-1\" \/>\n<link rel=\"canonical\" href=\"https:\/\/poliambulatorioprivatomedico.com\/poli\/akvilija-franckeviciute\/\" \/>\n<meta property=\"og:locale\" content=\"it_IT\" \/>\n<meta property=\"og:type\" content=\"article\" \/>\n<meta property=\"og:title\" content=\"AKVILIJA FRANCKEVICIUTE SPECIALISTA AL POLAMB. FINALE EMILIA\" \/>\n<meta property=\"og:description\" content=\"AKVILIJA FRANCKEVICIUTE \u00e8 iscritta all\u2019Ordine dei Medici Chirurghi e Odontoiatri di Bologna e Modena e si occupa di endodonzia e conservativa\" \/>\n<meta property=\"og:url\" content=\"https:\/\/poliambulatorioprivatomedico.com\/poli\/akvilija-franckeviciute\/\" \/>\n<meta property=\"og:site_name\" content=\"Poliambulatorio Privato Medico Odontoiatrico S.r.l. | Via Frassoni,13\/1 - 41034 Finale Emilia (Mo) P.iva 01467380380 - C.C.I.A.A. LIC.SAN.10075 16 Iscr.Reg.Imprese MO-332935 Direttore Sanitario: Dottor Alberto Facchini\" \/>\n<meta property=\"article:modified_time\" content=\"2021-05-05T13:24:15+00:00\" \/>\n<meta property=\"og:image\" content=\"https:\/\/poliambulatorioprivatomedico.com\/poli\/wp-content\/uploads\/2021\/04\/BN-POLI-13.png\" \/>\n<meta name=\"twitter:card\" content=\"summary_large_image\" \/>\n<meta name=\"twitter:label1\" content=\"Tempo di lettura stimato\" \/>\n\t<meta name=\"twitter:data1\" content=\"4 minuti\" \/>\n<script type=\"application\/ld+json\" class=\"yoast-schema-graph\">{\"@context\":\"https:\/\/schema.org\",\"@graph\":[{\"@type\":\"WebPage\",\"@id\":\"https:\/\/poliambulatorioprivatomedico.com\/poli\/akvilija-franckeviciute\/\",\"url\":\"https:\/\/poliambulatorioprivatomedico.com\/poli\/akvilija-franckeviciute\/\",\"name\":\"AKVILIJA FRANCKEVICIUTE SPECIALISTA AL POLAMB. FINALE EMILIA\",\"isPartOf\":{\"@id\":\"https:\/\/poliambulatorioprivatomedico.com\/poli\/#website\"},\"primaryImageOfPage\":{\"@id\":\"https:\/\/poliambulatorioprivatomedico.com\/poli\/akvilija-franckeviciute\/#primaryimage\"},\"image\":{\"@id\":\"https:\/\/poliambulatorioprivatomedico.com\/poli\/akvilija-franckeviciute\/#primaryimage\"},\"thumbnailUrl\":\"https:\/\/poliambulatorioprivatomedico.com\/poli\/wp-content\/uploads\/2021\/04\/BN-POLI-13.png\",\"datePublished\":\"2021-04-27T16:51:44+00:00\",\"dateModified\":\"2021-05-05T13:24:15+00:00\",\"description\":\"AKVILIJA FRANCKEVICIUTE \u00e8 iscritta all\u2019Ordine dei Medici Chirurghi e Odontoiatri di Bologna e Modena e si occupa di endodonzia e conservativa\",\"breadcrumb\":{\"@id\":\"https:\/\/poliambulatorioprivatomedico.com\/poli\/akvilija-franckeviciute\/#breadcrumb\"},\"inLanguage\":\"it-IT\",\"potentialAction\":[{\"@type\":\"ReadAction\",\"target\":[\"https:\/\/poliambulatorioprivatomedico.com\/poli\/akvilija-franckeviciute\/\"]}]},{\"@type\":\"ImageObject\",\"inLanguage\":\"it-IT\",\"@id\":\"https:\/\/poliambulatorioprivatomedico.com\/poli\/akvilija-franckeviciute\/#primaryimage\",\"url\":\"https:\/\/poliambulatorioprivatomedico.com\/poli\/wp-content\/uploads\/2021\/04\/BN-POLI-13.png\",\"contentUrl\":\"https:\/\/poliambulatorioprivatomedico.com\/poli\/wp-content\/uploads\/2021\/04\/BN-POLI-13.png\",\"width\":1334,\"height\":1001,\"caption\":\"Lo staff al POLIAMBULATORIO PRIVATO MEDICO ODONTOIATRICO FINALE EMILIA\"},{\"@type\":\"BreadcrumbList\",\"@id\":\"https:\/\/poliambulatorioprivatomedico.com\/poli\/akvilija-franckeviciute\/#breadcrumb\",\"itemListElement\":[{\"@type\":\"ListItem\",\"position\":1,\"name\":\"Home\",\"item\":\"https:\/\/poliambulatorioprivatomedico.com\/poli\/\"},{\"@type\":\"ListItem\",\"position\":2,\"name\":\"AKVILIJA FRANCKEVICIUTE\"}]},{\"@type\":\"WebSite\",\"@id\":\"https:\/\/poliambulatorioprivatomedico.com\/poli\/#website\",\"url\":\"https:\/\/poliambulatorioprivatomedico.com\/poli\/\",\"name\":\"Poliambulatorio Privato Medico Odontoiatrico S.r.l. | Via Frassoni,13\/1 - 41034 Finale Emilia (Mo) P.iva 01467380380 - C.C.I.A.A. LIC.SAN.10075 16 Iscr.Reg.Imprese MO-332935 Direttore Sanitario: Dottor Alberto Facchini\",\"description\":\"Uno di famiglia, per tutta la famiglia\",\"publisher\":{\"@id\":\"https:\/\/poliambulatorioprivatomedico.com\/poli\/#organization\"},\"potentialAction\":[{\"@type\":\"SearchAction\",\"target\":{\"@type\":\"EntryPoint\",\"urlTemplate\":\"https:\/\/poliambulatorioprivatomedico.com\/poli\/?s={search_term_string}\"},\"query-input\":{\"@type\":\"PropertyValueSpecification\",\"valueRequired\":true,\"valueName\":\"search_term_string\"}}],\"inLanguage\":\"it-IT\"},{\"@type\":\"Organization\",\"@id\":\"https:\/\/poliambulatorioprivatomedico.com\/poli\/#organization\",\"name\":\"Poliambulatorio Privato Medico Odontoiatrico S.r.l. | Via Frassoni,13\/1 - 41034 Finale Emilia (Mo) P.iva 01467380380 - C.C.I.A.A. LIC.SAN.10075 16 Iscr.Reg.Imprese MO-332935 Direttore Sanitario: Dottor Alberto Facchini\",\"url\":\"https:\/\/poliambulatorioprivatomedico.com\/poli\/\",\"logo\":{\"@type\":\"ImageObject\",\"inLanguage\":\"it-IT\",\"@id\":\"https:\/\/poliambulatorioprivatomedico.com\/poli\/#\/schema\/logo\/image\/\",\"url\":\"https:\/\/poliambulatorioprivatomedico.com\/poli\/wp-content\/uploads\/2021\/04\/logo-poli-bianco-sito.png\",\"contentUrl\":\"https:\/\/poliambulatorioprivatomedico.com\/poli\/wp-content\/uploads\/2021\/04\/logo-poli-bianco-sito.png\",\"width\":395,\"height\":84,\"caption\":\"Poliambulatorio Privato Medico Odontoiatrico S.r.l. | Via Frassoni,13\/1 - 41034 Finale Emilia (Mo) P.iva 01467380380 - C.C.I.A.A. LIC.SAN.10075 16 Iscr.Reg.Imprese MO-332935 Direttore Sanitario: Dottor Alberto Facchini\"},\"image\":{\"@id\":\"https:\/\/poliambulatorioprivatomedico.com\/poli\/#\/schema\/logo\/image\/\"}}]}<\/script>\n<!-- \/ Yoast SEO plugin. -->","yoast_head_json":{"title":"AKVILIJA FRANCKEVICIUTE SPECIALISTA AL POLAMB. FINALE EMILIA","description":"AKVILIJA FRANCKEVICIUTE \u00e8 iscritta all\u2019Ordine dei Medici Chirurghi e Odontoiatri di Bologna e Modena e si occupa di endodonzia e conservativa","robots":{"index":"index","follow":"follow","max-snippet":"max-snippet:-1","max-image-preview":"max-image-preview:large","max-video-preview":"max-video-preview:-1"},"canonical":"https:\/\/poliambulatorioprivatomedico.com\/poli\/akvilija-franckeviciute\/","og_locale":"it_IT","og_type":"article","og_title":"AKVILIJA FRANCKEVICIUTE SPECIALISTA AL POLAMB. FINALE EMILIA","og_description":"AKVILIJA FRANCKEVICIUTE \u00e8 iscritta all\u2019Ordine dei Medici Chirurghi e Odontoiatri di Bologna e Modena e si occupa di endodonzia e conservativa","og_url":"https:\/\/poliambulatorioprivatomedico.com\/poli\/akvilija-franckeviciute\/","og_site_name":"Poliambulatorio Privato Medico Odontoiatrico S.r.l. | Via Frassoni,13\/1 - 41034 Finale Emilia (Mo) P.iva 01467380380 - C.C.I.A.A. LIC.SAN.10075 16 Iscr.Reg.Imprese MO-332935 Direttore Sanitario: Dottor Alberto Facchini","article_modified_time":"2021-05-05T13:24:15+00:00","og_image":[{"url":"https:\/\/poliambulatorioprivatomedico.com\/poli\/wp-content\/uploads\/2021\/04\/BN-POLI-13.png","type":"","width":"","height":""}],"twitter_card":"summary_large_image","twitter_misc":{"Tempo di lettura stimato":"4 minuti"},"schema":{"@context":"https:\/\/schema.org","@graph":[{"@type":"WebPage","@id":"https:\/\/poliambulatorioprivatomedico.com\/poli\/akvilija-franckeviciute\/","url":"https:\/\/poliambulatorioprivatomedico.com\/poli\/akvilija-franckeviciute\/","name":"AKVILIJA FRANCKEVICIUTE SPECIALISTA AL POLAMB. FINALE EMILIA","isPartOf":{"@id":"https:\/\/poliambulatorioprivatomedico.com\/poli\/#website"},"primaryImageOfPage":{"@id":"https:\/\/poliambulatorioprivatomedico.com\/poli\/akvilija-franckeviciute\/#primaryimage"},"image":{"@id":"https:\/\/poliambulatorioprivatomedico.com\/poli\/akvilija-franckeviciute\/#primaryimage"},"thumbnailUrl":"https:\/\/poliambulatorioprivatomedico.com\/poli\/wp-content\/uploads\/2021\/04\/BN-POLI-13.png","datePublished":"2021-04-27T16:51:44+00:00","dateModified":"2021-05-05T13:24:15+00:00","description":"AKVILIJA FRANCKEVICIUTE \u00e8 iscritta all\u2019Ordine dei Medici Chirurghi e Odontoiatri di Bologna e Modena e si occupa di endodonzia e conservativa","breadcrumb":{"@id":"https:\/\/poliambulatorioprivatomedico.com\/poli\/akvilija-franckeviciute\/#breadcrumb"},"inLanguage":"it-IT","potentialAction":[{"@type":"ReadAction","target":["https:\/\/poliambulatorioprivatomedico.com\/poli\/akvilija-franckeviciute\/"]}]},{"@type":"ImageObject","inLanguage":"it-IT","@id":"https:\/\/poliambulatorioprivatomedico.com\/poli\/akvilija-franckeviciute\/#primaryimage","url":"https:\/\/poliambulatorioprivatomedico.com\/poli\/wp-content\/uploads\/2021\/04\/BN-POLI-13.png","contentUrl":"https:\/\/poliambulatorioprivatomedico.com\/poli\/wp-content\/uploads\/2021\/04\/BN-POLI-13.png","width":1334,"height":1001,"caption":"Lo staff al POLIAMBULATORIO PRIVATO MEDICO ODONTOIATRICO FINALE EMILIA"},{"@type":"BreadcrumbList","@id":"https:\/\/poliambulatorioprivatomedico.com\/poli\/akvilija-franckeviciute\/#breadcrumb","itemListElement":[{"@type":"ListItem","position":1,"name":"Home","item":"https:\/\/poliambulatorioprivatomedico.com\/poli\/"},{"@type":"ListItem","position":2,"name":"AKVILIJA FRANCKEVICIUTE"}]},{"@type":"WebSite","@id":"https:\/\/poliambulatorioprivatomedico.com\/poli\/#website","url":"https:\/\/poliambulatorioprivatomedico.com\/poli\/","name":"Poliambulatorio Privato Medico Odontoiatrico S.r.l. | Via Frassoni,13\/1 - 41034 Finale Emilia (Mo) P.iva 01467380380 - C.C.I.A.A. LIC.SAN.10075 16 Iscr.Reg.Imprese MO-332935 Direttore Sanitario: Dottor Alberto Facchini","description":"Uno di famiglia, per tutta la famiglia","publisher":{"@id":"https:\/\/poliambulatorioprivatomedico.com\/poli\/#organization"},"potentialAction":[{"@type":"SearchAction","target":{"@type":"EntryPoint","urlTemplate":"https:\/\/poliambulatorioprivatomedico.com\/poli\/?s={search_term_string}"},"query-input":{"@type":"PropertyValueSpecification","valueRequired":true,"valueName":"search_term_string"}}],"inLanguage":"it-IT"},{"@type":"Organization","@id":"https:\/\/poliambulatorioprivatomedico.com\/poli\/#organization","name":"Poliambulatorio Privato Medico Odontoiatrico S.r.l. | Via Frassoni,13\/1 - 41034 Finale Emilia (Mo) P.iva 01467380380 - C.C.I.A.A. LIC.SAN.10075 16 Iscr.Reg.Imprese MO-332935 Direttore Sanitario: Dottor Alberto Facchini","url":"https:\/\/poliambulatorioprivatomedico.com\/poli\/","logo":{"@type":"ImageObject","inLanguage":"it-IT","@id":"https:\/\/poliambulatorioprivatomedico.com\/poli\/#\/schema\/logo\/image\/","url":"https:\/\/poliambulatorioprivatomedico.com\/poli\/wp-content\/uploads\/2021\/04\/logo-poli-bianco-sito.png","contentUrl":"https:\/\/poliambulatorioprivatomedico.com\/poli\/wp-content\/uploads\/2021\/04\/logo-poli-bianco-sito.png","width":395,"height":84,"caption":"Poliambulatorio Privato Medico Odontoiatrico S.r.l. | Via Frassoni,13\/1 - 41034 Finale Emilia (Mo) P.iva 01467380380 - C.C.I.A.A. LIC.SAN.10075 16 Iscr.Reg.Imprese MO-332935 Direttore Sanitario: Dottor Alberto Facchini"},"image":{"@id":"https:\/\/poliambulatorioprivatomedico.com\/poli\/#\/schema\/logo\/image\/"}}]}},"_links":{"self":[{"href":"https:\/\/poliambulatorioprivatomedico.com\/poli\/wp-json\/wp\/v2\/pages\/535","targetHints":{"allow":["GET"]}}],"collection":[{"href":"https:\/\/poliambulatorioprivatomedico.com\/poli\/wp-json\/wp\/v2\/pages"}],"about":[{"href":"https:\/\/poliambulatorioprivatomedico.com\/poli\/wp-json\/wp\/v2\/types\/page"}],"author":[{"embeddable":true,"href":"https:\/\/poliambulatorioprivatomedico.com\/poli\/wp-json\/wp\/v2\/users\/1"}],"replies":[{"embeddable":true,"href":"https:\/\/poliambulatorioprivatomedico.com\/poli\/wp-json\/wp\/v2\/comments?post=535"}],"version-history":[{"count":26,"href":"https:\/\/poliambulatorioprivatomedico.com\/poli\/wp-json\/wp\/v2\/pages\/535\/revisions"}],"predecessor-version":[{"id":1781,"href":"https:\/\/poliambulatorioprivatomedico.com\/poli\/wp-json\/wp\/v2\/pages\/535\/revisions\/1781"}],"wp:attachment":[{"href":"https:\/\/poliambulatorioprivatomedico.com\/poli\/wp-json\/wp\/v2\/media?parent=535"}],"curies":[{"name":"wp","href":"https:\/\/api.w.org\/{rel}","templated":true}]}}