{"id":472,"date":"2021-04-27T15:55:30","date_gmt":"2021-04-27T15:55:30","guid":{"rendered":"https:\/\/poliambulatorioprivatomedico.com\/poli\/?page_id=472"},"modified":"2021-05-01T12:57:27","modified_gmt":"2021-05-01T12:57:27","slug":"marco-malaguti","status":"publish","type":"page","link":"https:\/\/poliambulatorioprivatomedico.com\/poli\/marco-malaguti\/","title":{"rendered":"MARCO MALAGUTI"},"content":{"rendered":"\n<h2 class=\"wp-block-heading\">MARCO MALAGUTI<\/h2>\n\n\n\n<p class=\"has-colibri-color-6-color has-text-color\"><strong>Titolare e Direttore Amministrativo del Poliambulatorio <em>Privato Medico Odontoiatrico Srl<\/em> da lui fondato nel lontano settembre 2003. Dopo una pluriennale esperienza nella branca protesica dell\u2019Odontoiatria iniziata con studio appassionato della materia dove la creazione, l\u2019estetica, la fisica e la precisione sono elementi fondamentali, dove grande importanza riveste il paziente, la sua conoscenza e le sue esigenze, decide di creare il Poliambulatorio. <\/strong><br><strong>Si rivolge per questo a dei Professionisti del settore ma prima di questo a delle Persone semplici ma con grandi valori umani pronti e disposti a collaborare fra di loro al fine di creare un Team al servizio del paziente.<\/strong><\/p>\n\n\n\n<div class=\"wp-block-cover has-background-dim\"><img loading=\"lazy\" decoding=\"async\" width=\"1496\" height=\"1080\" class=\"wp-block-cover__image-background wp-image-669\" alt=\"\" src=\"https:\/\/poliambulatorioprivatomedico.com\/poli\/wp-content\/uploads\/2021\/04\/0006bgrande.jpg\" data-object-fit=\"cover\" srcset=\"https:\/\/poliambulatorioprivatomedico.com\/poli\/wp-content\/uploads\/2021\/04\/0006bgrande.jpg 1496w, https:\/\/poliambulatorioprivatomedico.com\/poli\/wp-content\/uploads\/2021\/04\/0006bgrande-300x217.jpg 300w, https:\/\/poliambulatorioprivatomedico.com\/poli\/wp-content\/uploads\/2021\/04\/0006bgrande-1024x739.jpg 1024w, https:\/\/poliambulatorioprivatomedico.com\/poli\/wp-content\/uploads\/2021\/04\/0006bgrande-768x554.jpg 768w\" sizes=\"auto, (max-width: 1496px) 100vw, 1496px\" \/><div class=\"wp-block-cover__inner-container is-layout-flow wp-block-cover-is-layout-flow\">\n<p class=\"has-text-align-center has-large-font-size\"><\/p>\n<\/div><\/div>\n\n\n\n<h2 class=\"wp-block-heading\"><br>PROTESI<\/h2>\n\n\n\n<p class=\"has-colibri-color-6-color has-text-color\"><strong>La riabilitazione protesica odontoiatrica \u00e8 una branca multidisciplinare finalizzata al miglioramento e al recupero dell\u2019apparato masticatorio.<\/strong> Nel percorso di riabilitazione \u00e8 necessario considerare diversi aspetti di un paziente: l\u2019estetica, la precisione , la qualit\u00e0 dei manufatti protesici, la collaborazione e lo stile di vita. E\u2019 fondamentale quindi avere a disposizione competenze specifiche in grado di fornire una visione completa.<\/p>\n\n\n\n<figure class=\"wp-block-gallery columns-3 is-cropped wp-block-gallery-1 is-layout-flex wp-block-gallery-is-layout-flex\"><ul class=\"blocks-gallery-grid\"><li class=\"blocks-gallery-item\"><figure><a href=\"https:\/\/poliambulatorioprivatomedico.com\/poli\/wp-content\/uploads\/2021\/04\/Immagine13.jpg\"><img loading=\"lazy\" decoding=\"async\" width=\"856\" height=\"587\" src=\"https:\/\/poliambulatorioprivatomedico.com\/poli\/wp-content\/uploads\/2021\/04\/Immagine13.jpg\" alt=\"\" data-id=\"1157\" data-full-url=\"https:\/\/poliambulatorioprivatomedico.com\/poli\/wp-content\/uploads\/2021\/04\/Immagine13.jpg\" data-link=\"https:\/\/poliambulatorioprivatomedico.com\/poli\/?attachment_id=1157\" class=\"wp-image-1157\" srcset=\"https:\/\/poliambulatorioprivatomedico.com\/poli\/wp-content\/uploads\/2021\/04\/Immagine13.jpg 856w, https:\/\/poliambulatorioprivatomedico.com\/poli\/wp-content\/uploads\/2021\/04\/Immagine13-300x206.jpg 300w, https:\/\/poliambulatorioprivatomedico.com\/poli\/wp-content\/uploads\/2021\/04\/Immagine13-768x527.jpg 768w\" sizes=\"auto, (max-width: 856px) 100vw, 856px\" \/><\/a><\/figure><\/li><li class=\"blocks-gallery-item\"><figure><a href=\"https:\/\/poliambulatorioprivatomedico.com\/poli\/wp-content\/uploads\/2021\/04\/Immagine14.jpg\"><img loading=\"lazy\" decoding=\"async\" width=\"882\" height=\"587\" src=\"https:\/\/poliambulatorioprivatomedico.com\/poli\/wp-content\/uploads\/2021\/04\/Immagine14.jpg\" alt=\"\" data-id=\"1158\" data-full-url=\"https:\/\/poliambulatorioprivatomedico.com\/poli\/wp-content\/uploads\/2021\/04\/Immagine14.jpg\" data-link=\"https:\/\/poliambulatorioprivatomedico.com\/poli\/?attachment_id=1158\" class=\"wp-image-1158\" srcset=\"https:\/\/poliambulatorioprivatomedico.com\/poli\/wp-content\/uploads\/2021\/04\/Immagine14.jpg 882w, https:\/\/poliambulatorioprivatomedico.com\/poli\/wp-content\/uploads\/2021\/04\/Immagine14-300x200.jpg 300w, https:\/\/poliambulatorioprivatomedico.com\/poli\/wp-content\/uploads\/2021\/04\/Immagine14-768x511.jpg 768w\" sizes=\"auto, (max-width: 882px) 100vw, 882px\" \/><\/a><\/figure><\/li><li class=\"blocks-gallery-item\"><figure><a href=\"https:\/\/poliambulatorioprivatomedico.com\/poli\/wp-content\/uploads\/2021\/04\/Immagine15.jpg\"><img loading=\"lazy\" decoding=\"async\" width=\"250\" height=\"182\" src=\"https:\/\/poliambulatorioprivatomedico.com\/poli\/wp-content\/uploads\/2021\/04\/Immagine15.jpg\" alt=\"\" data-id=\"1159\" data-full-url=\"https:\/\/poliambulatorioprivatomedico.com\/poli\/wp-content\/uploads\/2021\/04\/Immagine15.jpg\" data-link=\"https:\/\/poliambulatorioprivatomedico.com\/poli\/?attachment_id=1159\" class=\"wp-image-1159\"\/><\/a><\/figure><\/li><li class=\"blocks-gallery-item\"><figure><a href=\"https:\/\/poliambulatorioprivatomedico.com\/poli\/wp-content\/uploads\/2021\/04\/Immagine16.jpg\"><img loading=\"lazy\" decoding=\"async\" width=\"892\" height=\"594\" src=\"https:\/\/poliambulatorioprivatomedico.com\/poli\/wp-content\/uploads\/2021\/04\/Immagine16.jpg\" alt=\"\" data-id=\"1160\" data-full-url=\"https:\/\/poliambulatorioprivatomedico.com\/poli\/wp-content\/uploads\/2021\/04\/Immagine16.jpg\" data-link=\"https:\/\/poliambulatorioprivatomedico.com\/poli\/?attachment_id=1160\" class=\"wp-image-1160\" srcset=\"https:\/\/poliambulatorioprivatomedico.com\/poli\/wp-content\/uploads\/2021\/04\/Immagine16.jpg 892w, https:\/\/poliambulatorioprivatomedico.com\/poli\/wp-content\/uploads\/2021\/04\/Immagine16-300x200.jpg 300w, https:\/\/poliambulatorioprivatomedico.com\/poli\/wp-content\/uploads\/2021\/04\/Immagine16-768x511.jpg 768w\" sizes=\"auto, (max-width: 892px) 100vw, 892px\" \/><\/a><\/figure><\/li><li class=\"blocks-gallery-item\"><figure><a href=\"https:\/\/poliambulatorioprivatomedico.com\/poli\/wp-content\/uploads\/2021\/04\/Immagine17.jpg\"><img loading=\"lazy\" decoding=\"async\" width=\"237\" height=\"181\" src=\"https:\/\/poliambulatorioprivatomedico.com\/poli\/wp-content\/uploads\/2021\/04\/Immagine17.jpg\" alt=\"\" data-id=\"1161\" data-full-url=\"https:\/\/poliambulatorioprivatomedico.com\/poli\/wp-content\/uploads\/2021\/04\/Immagine17.jpg\" data-link=\"https:\/\/poliambulatorioprivatomedico.com\/poli\/?attachment_id=1161\" class=\"wp-image-1161\"\/><\/a><\/figure><\/li><li class=\"blocks-gallery-item\"><figure><a href=\"https:\/\/poliambulatorioprivatomedico.com\/poli\/wp-content\/uploads\/2021\/04\/Immagine18.jpg\"><img loading=\"lazy\" decoding=\"async\" width=\"780\" height=\"449\" src=\"https:\/\/poliambulatorioprivatomedico.com\/poli\/wp-content\/uploads\/2021\/04\/Immagine18.jpg\" alt=\"\" data-id=\"1162\" data-full-url=\"https:\/\/poliambulatorioprivatomedico.com\/poli\/wp-content\/uploads\/2021\/04\/Immagine18.jpg\" data-link=\"https:\/\/poliambulatorioprivatomedico.com\/poli\/?attachment_id=1162\" class=\"wp-image-1162\" srcset=\"https:\/\/poliambulatorioprivatomedico.com\/poli\/wp-content\/uploads\/2021\/04\/Immagine18.jpg 780w, https:\/\/poliambulatorioprivatomedico.com\/poli\/wp-content\/uploads\/2021\/04\/Immagine18-300x173.jpg 300w, https:\/\/poliambulatorioprivatomedico.com\/poli\/wp-content\/uploads\/2021\/04\/Immagine18-768x442.jpg 768w\" sizes=\"auto, (max-width: 780px) 100vw, 780px\" \/><\/a><\/figure><\/li><\/ul><\/figure>\n\n\n\n<p class=\"has-colibri-color-6-color has-text-color\">La Protesi \u00e8 affidata al nostro capo protesista Marco; dove da una singola corona si passa ad un ponte a 3 elementi fino ad arrivare all\u2019intera arcata tutto questo con tecnologie di ultima generazione : vi sono oggi materiali ormai privi di metallo tecniche cad, cam, 3d che&nbsp;<em><strong>ripristinano la funzionalit\u00e0 di un elemento e soprattutto rispettano la estetica e naturalit\u00e0 di un dente perch\u00e9 il dente manufatto deve non vedersi all\u2019interno della bocca tutto questo quindi senza mai dimenticare l\u2019 artigianalit\u00e0 e la manualit\u00e0 di questa Professione.<\/strong><\/em><\/p>\n\n\n\n<figure class=\"wp-block-gallery columns-3 is-cropped wp-block-gallery-2 is-layout-flex wp-block-gallery-is-layout-flex\"><ul class=\"blocks-gallery-grid\"><li class=\"blocks-gallery-item\"><figure><a href=\"https:\/\/poliambulatorioprivatomedico.com\/poli\/wp-content\/uploads\/2021\/04\/cropped-BN-POLI-15.png\"><img loading=\"lazy\" decoding=\"async\" width=\"1024\" height=\"817\" src=\"https:\/\/poliambulatorioprivatomedico.com\/poli\/wp-content\/uploads\/2021\/04\/cropped-BN-POLI-15-1024x817.png\" alt=\"\" data-id=\"666\" data-full-url=\"https:\/\/poliambulatorioprivatomedico.com\/poli\/wp-content\/uploads\/2021\/04\/cropped-BN-POLI-15.png\" data-link=\"https:\/\/poliambulatorioprivatomedico.com\/poli\/?attachment_id=666\" class=\"wp-image-666\" srcset=\"https:\/\/poliambulatorioprivatomedico.com\/poli\/wp-content\/uploads\/2021\/04\/cropped-BN-POLI-15-1024x817.png 1024w, https:\/\/poliambulatorioprivatomedico.com\/poli\/wp-content\/uploads\/2021\/04\/cropped-BN-POLI-15-300x239.png 300w, https:\/\/poliambulatorioprivatomedico.com\/poli\/wp-content\/uploads\/2021\/04\/cropped-BN-POLI-15-768x613.png 768w, https:\/\/poliambulatorioprivatomedico.com\/poli\/wp-content\/uploads\/2021\/04\/cropped-BN-POLI-15.png 1261w\" sizes=\"auto, (max-width: 1024px) 100vw, 1024px\" \/><\/a><\/figure><\/li><li class=\"blocks-gallery-item\"><figure><a href=\"https:\/\/poliambulatorioprivatomedico.com\/poli\/wp-content\/uploads\/2021\/04\/cropped-BN-POLI-4.png\"><img loading=\"lazy\" decoding=\"async\" width=\"1024\" height=\"1024\" src=\"https:\/\/poliambulatorioprivatomedico.com\/poli\/wp-content\/uploads\/2021\/04\/cropped-BN-POLI-4-1024x1024.png\" alt=\"\" data-id=\"182\" data-full-url=\"https:\/\/poliambulatorioprivatomedico.com\/poli\/wp-content\/uploads\/2021\/04\/cropped-BN-POLI-4.png\" data-link=\"https:\/\/poliambulatorioprivatomedico.com\/poli\/?attachment_id=182\" class=\"wp-image-182\" srcset=\"https:\/\/poliambulatorioprivatomedico.com\/poli\/wp-content\/uploads\/2021\/04\/cropped-BN-POLI-4-1024x1024.png 1024w, https:\/\/poliambulatorioprivatomedico.com\/poli\/wp-content\/uploads\/2021\/04\/cropped-BN-POLI-4-300x300.png 300w, https:\/\/poliambulatorioprivatomedico.com\/poli\/wp-content\/uploads\/2021\/04\/cropped-BN-POLI-4-150x150.png 150w, https:\/\/poliambulatorioprivatomedico.com\/poli\/wp-content\/uploads\/2021\/04\/cropped-BN-POLI-4-768x769.png 768w, https:\/\/poliambulatorioprivatomedico.com\/poli\/wp-content\/uploads\/2021\/04\/cropped-BN-POLI-4-640x640.png 640w, https:\/\/poliambulatorioprivatomedico.com\/poli\/wp-content\/uploads\/2021\/04\/cropped-BN-POLI-4-50x50.png 50w, https:\/\/poliambulatorioprivatomedico.com\/poli\/wp-content\/uploads\/2021\/04\/cropped-BN-POLI-4.png 1197w\" sizes=\"auto, (max-width: 1024px) 100vw, 1024px\" \/><\/a><\/figure><\/li><li class=\"blocks-gallery-item\"><figure><a href=\"https:\/\/poliambulatorioprivatomedico.com\/poli\/wp-content\/uploads\/2021\/04\/BN-POLI-8.png\"><img loading=\"lazy\" decoding=\"async\" width=\"768\" height=\"1024\" src=\"https:\/\/poliambulatorioprivatomedico.com\/poli\/wp-content\/uploads\/2021\/04\/BN-POLI-8-768x1024.png\" alt=\"\" data-id=\"54\" data-full-url=\"https:\/\/poliambulatorioprivatomedico.com\/poli\/wp-content\/uploads\/2021\/04\/BN-POLI-8.png\" data-link=\"https:\/\/poliambulatorioprivatomedico.com\/poli\/?attachment_id=54\" class=\"wp-image-54\" srcset=\"https:\/\/poliambulatorioprivatomedico.com\/poli\/wp-content\/uploads\/2021\/04\/BN-POLI-8-768x1024.png 768w, https:\/\/poliambulatorioprivatomedico.com\/poli\/wp-content\/uploads\/2021\/04\/BN-POLI-8-225x300.png 225w, https:\/\/poliambulatorioprivatomedico.com\/poli\/wp-content\/uploads\/2021\/04\/BN-POLI-8-640x853.png 640w, https:\/\/poliambulatorioprivatomedico.com\/poli\/wp-content\/uploads\/2021\/04\/BN-POLI-8.png 922w\" sizes=\"auto, (max-width: 768px) 100vw, 768px\" \/><\/a><\/figure><\/li><li class=\"blocks-gallery-item\"><figure><a href=\"https:\/\/poliambulatorioprivatomedico.com\/poli\/wp-content\/uploads\/2021\/04\/BN-POLI-6.png\"><img loading=\"lazy\" decoding=\"async\" width=\"1024\" height=\"1024\" src=\"https:\/\/poliambulatorioprivatomedico.com\/poli\/wp-content\/uploads\/2021\/04\/BN-POLI-6-1024x1024.png\" alt=\"\" data-id=\"52\" data-full-url=\"https:\/\/poliambulatorioprivatomedico.com\/poli\/wp-content\/uploads\/2021\/04\/BN-POLI-6.png\" data-link=\"https:\/\/poliambulatorioprivatomedico.com\/poli\/?attachment_id=52\" class=\"wp-image-52\" srcset=\"https:\/\/poliambulatorioprivatomedico.com\/poli\/wp-content\/uploads\/2021\/04\/BN-POLI-6-1024x1024.png 1024w, https:\/\/poliambulatorioprivatomedico.com\/poli\/wp-content\/uploads\/2021\/04\/BN-POLI-6-300x300.png 300w, https:\/\/poliambulatorioprivatomedico.com\/poli\/wp-content\/uploads\/2021\/04\/BN-POLI-6-150x150.png 150w, https:\/\/poliambulatorioprivatomedico.com\/poli\/wp-content\/uploads\/2021\/04\/BN-POLI-6-768x768.png 768w, https:\/\/poliambulatorioprivatomedico.com\/poli\/wp-content\/uploads\/2021\/04\/BN-POLI-6-640x640.png 640w, https:\/\/poliambulatorioprivatomedico.com\/poli\/wp-content\/uploads\/2021\/04\/BN-POLI-6-50x50.png 50w, https:\/\/poliambulatorioprivatomedico.com\/poli\/wp-content\/uploads\/2021\/04\/BN-POLI-6.png 1300w\" sizes=\"auto, (max-width: 1024px) 100vw, 1024px\" \/><\/a><\/figure><\/li><li class=\"blocks-gallery-item\"><figure><a href=\"https:\/\/poliambulatorioprivatomedico.com\/poli\/wp-content\/uploads\/2021\/04\/BN-POLI-5.png\"><img loading=\"lazy\" decoding=\"async\" width=\"767\" height=\"1024\" src=\"https:\/\/poliambulatorioprivatomedico.com\/poli\/wp-content\/uploads\/2021\/04\/BN-POLI-5-767x1024.png\" alt=\"\" data-id=\"51\" data-full-url=\"https:\/\/poliambulatorioprivatomedico.com\/poli\/wp-content\/uploads\/2021\/04\/BN-POLI-5.png\" data-link=\"https:\/\/poliambulatorioprivatomedico.com\/poli\/?attachment_id=51\" class=\"wp-image-51\" srcset=\"https:\/\/poliambulatorioprivatomedico.com\/poli\/wp-content\/uploads\/2021\/04\/BN-POLI-5-767x1024.png 767w, https:\/\/poliambulatorioprivatomedico.com\/poli\/wp-content\/uploads\/2021\/04\/BN-POLI-5-225x300.png 225w, https:\/\/poliambulatorioprivatomedico.com\/poli\/wp-content\/uploads\/2021\/04\/BN-POLI-5-768x1025.png 768w, https:\/\/poliambulatorioprivatomedico.com\/poli\/wp-content\/uploads\/2021\/04\/BN-POLI-5-640x853.png 640w, https:\/\/poliambulatorioprivatomedico.com\/poli\/wp-content\/uploads\/2021\/04\/BN-POLI-5.png 1044w\" sizes=\"auto, (max-width: 767px) 100vw, 767px\" \/><\/a><\/figure><\/li><li class=\"blocks-gallery-item\"><figure><a href=\"https:\/\/poliambulatorioprivatomedico.com\/poli\/wp-content\/uploads\/2021\/04\/BN-POLI-1.png\"><img loading=\"lazy\" decoding=\"async\" width=\"1024\" height=\"728\" src=\"https:\/\/poliambulatorioprivatomedico.com\/poli\/wp-content\/uploads\/2021\/04\/BN-POLI-1-1024x728.png\" alt=\"\" data-id=\"46\" data-full-url=\"https:\/\/poliambulatorioprivatomedico.com\/poli\/wp-content\/uploads\/2021\/04\/BN-POLI-1.png\" data-link=\"https:\/\/poliambulatorioprivatomedico.com\/poli\/?attachment_id=46\" class=\"wp-image-46\" srcset=\"https:\/\/poliambulatorioprivatomedico.com\/poli\/wp-content\/uploads\/2021\/04\/BN-POLI-1-1024x728.png 1024w, https:\/\/poliambulatorioprivatomedico.com\/poli\/wp-content\/uploads\/2021\/04\/BN-POLI-1-300x213.png 300w, https:\/\/poliambulatorioprivatomedico.com\/poli\/wp-content\/uploads\/2021\/04\/BN-POLI-1-768x546.png 768w, https:\/\/poliambulatorioprivatomedico.com\/poli\/wp-content\/uploads\/2021\/04\/BN-POLI-1.png 1401w\" sizes=\"auto, (max-width: 1024px) 100vw, 1024px\" \/><\/a><\/figure><\/li><\/ul><\/figure>\n\n\n\n<h2 class=\"has-text-align-center wp-block-heading\">FREE TIME<\/h2>\n\n\n\n<div class=\"wp-block-image\"><figure class=\"aligncenter size-large is-resized\"><img loading=\"lazy\" decoding=\"async\" src=\"https:\/\/poliambulatorioprivatomedico.com\/poli\/wp-content\/uploads\/2021\/04\/FREE-TIME-MARCO.jpg\" alt=\"\" class=\"wp-image-1171\" width=\"728\" height=\"546\" srcset=\"https:\/\/poliambulatorioprivatomedico.com\/poli\/wp-content\/uploads\/2021\/04\/FREE-TIME-MARCO.jpg 960w, https:\/\/poliambulatorioprivatomedico.com\/poli\/wp-content\/uploads\/2021\/04\/FREE-TIME-MARCO-300x225.jpg 300w, https:\/\/poliambulatorioprivatomedico.com\/poli\/wp-content\/uploads\/2021\/04\/FREE-TIME-MARCO-768x576.jpg 768w\" sizes=\"auto, (max-width: 728px) 100vw, 728px\" \/><figcaption>MARCO MALAGUTI<\/figcaption><\/figure><\/div>\n\n\n\n<div class=\"wp-block-image\"><figure class=\"aligncenter size-large\"><img loading=\"lazy\" decoding=\"async\" width=\"966\" height=\"142\" src=\"https:\/\/poliambulatorioprivatomedico.com\/poli\/wp-content\/uploads\/2021\/05\/separatore.png\" alt=\"\" class=\"wp-image-1376\" srcset=\"https:\/\/poliambulatorioprivatomedico.com\/poli\/wp-content\/uploads\/2021\/05\/separatore.png 966w, https:\/\/poliambulatorioprivatomedico.com\/poli\/wp-content\/uploads\/2021\/05\/separatore-300x44.png 300w, https:\/\/poliambulatorioprivatomedico.com\/poli\/wp-content\/uploads\/2021\/05\/separatore-768x113.png 768w\" sizes=\"auto, (max-width: 966px) 100vw, 966px\" \/><\/figure><\/div>\n","protected":false},"excerpt":{"rendered":"<p>MARCO MALAGUTI Titolare e Direttore Amministrativo del Poliambulatorio Privato Medico Odontoiatrico Srl da lui fondato nel lontano settembre 2003. Dopo una pluriennale esperienza nella branca protesica dell\u2019Odontoiatria iniziata con studio appassionato della materia dove la creazione, l\u2019estetica, la fisica e la precisione sono elementi fondamentali, dove grande importanza riveste il paziente, la sua conoscenza e [&hellip;]<\/p>\n","protected":false},"author":1,"featured_media":0,"parent":0,"menu_order":0,"comment_status":"closed","ping_status":"closed","template":"","meta":{"footnotes":""},"class_list":["post-472","page","type-page","status-publish","hentry"],"yoast_head":"<!-- This site is optimized with the Yoast SEO plugin v26.4 - https:\/\/yoast.com\/wordpress\/plugins\/seo\/ -->\n<title>MARCO MALAGUTI - Poliambulatorio Privato Medico Odontoiatrico S.r.l. | Via Frassoni,13\/1 - 41034 Finale Emilia (Mo) P.iva 01467380380 - C.C.I.A.A. LIC.SAN.10075 16 Iscr.Reg.Imprese MO-332935 Direttore Sanitario: Dottor Alberto Facchini<\/title>\n<meta name=\"robots\" content=\"index, follow, max-snippet:-1, max-image-preview:large, max-video-preview:-1\" \/>\n<link rel=\"canonical\" href=\"https:\/\/poliambulatorioprivatomedico.com\/poli\/marco-malaguti\/\" \/>\n<meta property=\"og:locale\" content=\"it_IT\" \/>\n<meta property=\"og:type\" content=\"article\" \/>\n<meta property=\"og:title\" content=\"MARCO MALAGUTI - Poliambulatorio Privato Medico Odontoiatrico S.r.l. | Via Frassoni,13\/1 - 41034 Finale Emilia (Mo) P.iva 01467380380 - C.C.I.A.A. LIC.SAN.10075 16 Iscr.Reg.Imprese MO-332935 Direttore Sanitario: Dottor Alberto Facchini\" \/>\n<meta property=\"og:description\" content=\"MARCO MALAGUTI Titolare e Direttore Amministrativo del Poliambulatorio Privato Medico Odontoiatrico Srl da lui fondato nel lontano settembre 2003. Dopo una pluriennale esperienza nella branca protesica dell\u2019Odontoiatria iniziata con studio appassionato della materia dove la creazione, l\u2019estetica, la fisica e la precisione sono elementi fondamentali, dove grande importanza riveste il paziente, la sua conoscenza e [&hellip;]\" \/>\n<meta property=\"og:url\" content=\"https:\/\/poliambulatorioprivatomedico.com\/poli\/marco-malaguti\/\" \/>\n<meta property=\"og:site_name\" content=\"Poliambulatorio Privato Medico Odontoiatrico S.r.l. | Via Frassoni,13\/1 - 41034 Finale Emilia (Mo) P.iva 01467380380 - C.C.I.A.A. LIC.SAN.10075 16 Iscr.Reg.Imprese MO-332935 Direttore Sanitario: Dottor Alberto Facchini\" \/>\n<meta property=\"article:modified_time\" content=\"2021-05-01T12:57:27+00:00\" \/>\n<meta property=\"og:image\" content=\"https:\/\/poliambulatorioprivatomedico.com\/poli\/wp-content\/uploads\/2021\/04\/0006bgrande.jpg\" \/>\n<meta name=\"twitter:card\" content=\"summary_large_image\" \/>\n<meta name=\"twitter:label1\" content=\"Tempo di lettura stimato\" \/>\n\t<meta name=\"twitter:data1\" content=\"5 minuti\" \/>\n<script type=\"application\/ld+json\" class=\"yoast-schema-graph\">{\"@context\":\"https:\/\/schema.org\",\"@graph\":[{\"@type\":\"WebPage\",\"@id\":\"https:\/\/poliambulatorioprivatomedico.com\/poli\/marco-malaguti\/\",\"url\":\"https:\/\/poliambulatorioprivatomedico.com\/poli\/marco-malaguti\/\",\"name\":\"MARCO MALAGUTI - Poliambulatorio Privato Medico Odontoiatrico S.r.l. | Via Frassoni,13\/1 - 41034 Finale Emilia (Mo) P.iva 01467380380 - C.C.I.A.A. LIC.SAN.10075 16 Iscr.Reg.Imprese MO-332935 Direttore Sanitario: Dottor Alberto Facchini\",\"isPartOf\":{\"@id\":\"https:\/\/poliambulatorioprivatomedico.com\/poli\/#website\"},\"primaryImageOfPage\":{\"@id\":\"https:\/\/poliambulatorioprivatomedico.com\/poli\/marco-malaguti\/#primaryimage\"},\"image\":{\"@id\":\"https:\/\/poliambulatorioprivatomedico.com\/poli\/marco-malaguti\/#primaryimage\"},\"thumbnailUrl\":\"https:\/\/poliambulatorioprivatomedico.com\/poli\/wp-content\/uploads\/2021\/04\/0006bgrande.jpg\",\"datePublished\":\"2021-04-27T15:55:30+00:00\",\"dateModified\":\"2021-05-01T12:57:27+00:00\",\"breadcrumb\":{\"@id\":\"https:\/\/poliambulatorioprivatomedico.com\/poli\/marco-malaguti\/#breadcrumb\"},\"inLanguage\":\"it-IT\",\"potentialAction\":[{\"@type\":\"ReadAction\",\"target\":[\"https:\/\/poliambulatorioprivatomedico.com\/poli\/marco-malaguti\/\"]}]},{\"@type\":\"ImageObject\",\"inLanguage\":\"it-IT\",\"@id\":\"https:\/\/poliambulatorioprivatomedico.com\/poli\/marco-malaguti\/#primaryimage\",\"url\":\"https:\/\/poliambulatorioprivatomedico.com\/poli\/wp-content\/uploads\/2021\/04\/0006bgrande.jpg\",\"contentUrl\":\"https:\/\/poliambulatorioprivatomedico.com\/poli\/wp-content\/uploads\/2021\/04\/0006bgrande.jpg\",\"width\":1496,\"height\":1080,\"caption\":\"interni poliambulatorio privato medico finale emilia\"},{\"@type\":\"BreadcrumbList\",\"@id\":\"https:\/\/poliambulatorioprivatomedico.com\/poli\/marco-malaguti\/#breadcrumb\",\"itemListElement\":[{\"@type\":\"ListItem\",\"position\":1,\"name\":\"Home\",\"item\":\"https:\/\/poliambulatorioprivatomedico.com\/poli\/\"},{\"@type\":\"ListItem\",\"position\":2,\"name\":\"MARCO MALAGUTI\"}]},{\"@type\":\"WebSite\",\"@id\":\"https:\/\/poliambulatorioprivatomedico.com\/poli\/#website\",\"url\":\"https:\/\/poliambulatorioprivatomedico.com\/poli\/\",\"name\":\"Poliambulatorio Privato Medico Odontoiatrico S.r.l. | Via Frassoni,13\/1 - 41034 Finale Emilia (Mo) P.iva 01467380380 - C.C.I.A.A. LIC.SAN.10075 16 Iscr.Reg.Imprese MO-332935 Direttore Sanitario: Dottor Alberto Facchini\",\"description\":\"Uno di famiglia, per tutta la famiglia\",\"publisher\":{\"@id\":\"https:\/\/poliambulatorioprivatomedico.com\/poli\/#organization\"},\"potentialAction\":[{\"@type\":\"SearchAction\",\"target\":{\"@type\":\"EntryPoint\",\"urlTemplate\":\"https:\/\/poliambulatorioprivatomedico.com\/poli\/?s={search_term_string}\"},\"query-input\":{\"@type\":\"PropertyValueSpecification\",\"valueRequired\":true,\"valueName\":\"search_term_string\"}}],\"inLanguage\":\"it-IT\"},{\"@type\":\"Organization\",\"@id\":\"https:\/\/poliambulatorioprivatomedico.com\/poli\/#organization\",\"name\":\"Poliambulatorio Privato Medico Odontoiatrico S.r.l. | Via Frassoni,13\/1 - 41034 Finale Emilia (Mo) P.iva 01467380380 - C.C.I.A.A. LIC.SAN.10075 16 Iscr.Reg.Imprese MO-332935 Direttore Sanitario: Dottor Alberto Facchini\",\"url\":\"https:\/\/poliambulatorioprivatomedico.com\/poli\/\",\"logo\":{\"@type\":\"ImageObject\",\"inLanguage\":\"it-IT\",\"@id\":\"https:\/\/poliambulatorioprivatomedico.com\/poli\/#\/schema\/logo\/image\/\",\"url\":\"https:\/\/poliambulatorioprivatomedico.com\/poli\/wp-content\/uploads\/2021\/04\/logo-poli-bianco-sito.png\",\"contentUrl\":\"https:\/\/poliambulatorioprivatomedico.com\/poli\/wp-content\/uploads\/2021\/04\/logo-poli-bianco-sito.png\",\"width\":395,\"height\":84,\"caption\":\"Poliambulatorio Privato Medico Odontoiatrico S.r.l. | Via Frassoni,13\/1 - 41034 Finale Emilia (Mo) P.iva 01467380380 - C.C.I.A.A. LIC.SAN.10075 16 Iscr.Reg.Imprese MO-332935 Direttore Sanitario: Dottor Alberto Facchini\"},\"image\":{\"@id\":\"https:\/\/poliambulatorioprivatomedico.com\/poli\/#\/schema\/logo\/image\/\"}}]}<\/script>\n<!-- \/ Yoast SEO plugin. -->","yoast_head_json":{"title":"MARCO MALAGUTI - Poliambulatorio Privato Medico Odontoiatrico S.r.l. | Via Frassoni,13\/1 - 41034 Finale Emilia (Mo) P.iva 01467380380 - C.C.I.A.A. LIC.SAN.10075 16 Iscr.Reg.Imprese MO-332935 Direttore Sanitario: Dottor Alberto Facchini","robots":{"index":"index","follow":"follow","max-snippet":"max-snippet:-1","max-image-preview":"max-image-preview:large","max-video-preview":"max-video-preview:-1"},"canonical":"https:\/\/poliambulatorioprivatomedico.com\/poli\/marco-malaguti\/","og_locale":"it_IT","og_type":"article","og_title":"MARCO MALAGUTI - Poliambulatorio Privato Medico Odontoiatrico S.r.l. | Via Frassoni,13\/1 - 41034 Finale Emilia (Mo) P.iva 01467380380 - C.C.I.A.A. LIC.SAN.10075 16 Iscr.Reg.Imprese MO-332935 Direttore Sanitario: Dottor Alberto Facchini","og_description":"MARCO MALAGUTI Titolare e Direttore Amministrativo del Poliambulatorio Privato Medico Odontoiatrico Srl da lui fondato nel lontano settembre 2003. Dopo una pluriennale esperienza nella branca protesica dell\u2019Odontoiatria iniziata con studio appassionato della materia dove la creazione, l\u2019estetica, la fisica e la precisione sono elementi fondamentali, dove grande importanza riveste il paziente, la sua conoscenza e [&hellip;]","og_url":"https:\/\/poliambulatorioprivatomedico.com\/poli\/marco-malaguti\/","og_site_name":"Poliambulatorio Privato Medico Odontoiatrico S.r.l. | Via Frassoni,13\/1 - 41034 Finale Emilia (Mo) P.iva 01467380380 - C.C.I.A.A. LIC.SAN.10075 16 Iscr.Reg.Imprese MO-332935 Direttore Sanitario: Dottor Alberto Facchini","article_modified_time":"2021-05-01T12:57:27+00:00","og_image":[{"url":"https:\/\/poliambulatorioprivatomedico.com\/poli\/wp-content\/uploads\/2021\/04\/0006bgrande.jpg","type":"","width":"","height":""}],"twitter_card":"summary_large_image","twitter_misc":{"Tempo di lettura stimato":"5 minuti"},"schema":{"@context":"https:\/\/schema.org","@graph":[{"@type":"WebPage","@id":"https:\/\/poliambulatorioprivatomedico.com\/poli\/marco-malaguti\/","url":"https:\/\/poliambulatorioprivatomedico.com\/poli\/marco-malaguti\/","name":"MARCO MALAGUTI - Poliambulatorio Privato Medico Odontoiatrico S.r.l. | Via Frassoni,13\/1 - 41034 Finale Emilia (Mo) P.iva 01467380380 - C.C.I.A.A. LIC.SAN.10075 16 Iscr.Reg.Imprese MO-332935 Direttore Sanitario: Dottor Alberto Facchini","isPartOf":{"@id":"https:\/\/poliambulatorioprivatomedico.com\/poli\/#website"},"primaryImageOfPage":{"@id":"https:\/\/poliambulatorioprivatomedico.com\/poli\/marco-malaguti\/#primaryimage"},"image":{"@id":"https:\/\/poliambulatorioprivatomedico.com\/poli\/marco-malaguti\/#primaryimage"},"thumbnailUrl":"https:\/\/poliambulatorioprivatomedico.com\/poli\/wp-content\/uploads\/2021\/04\/0006bgrande.jpg","datePublished":"2021-04-27T15:55:30+00:00","dateModified":"2021-05-01T12:57:27+00:00","breadcrumb":{"@id":"https:\/\/poliambulatorioprivatomedico.com\/poli\/marco-malaguti\/#breadcrumb"},"inLanguage":"it-IT","potentialAction":[{"@type":"ReadAction","target":["https:\/\/poliambulatorioprivatomedico.com\/poli\/marco-malaguti\/"]}]},{"@type":"ImageObject","inLanguage":"it-IT","@id":"https:\/\/poliambulatorioprivatomedico.com\/poli\/marco-malaguti\/#primaryimage","url":"https:\/\/poliambulatorioprivatomedico.com\/poli\/wp-content\/uploads\/2021\/04\/0006bgrande.jpg","contentUrl":"https:\/\/poliambulatorioprivatomedico.com\/poli\/wp-content\/uploads\/2021\/04\/0006bgrande.jpg","width":1496,"height":1080,"caption":"interni poliambulatorio privato medico finale emilia"},{"@type":"BreadcrumbList","@id":"https:\/\/poliambulatorioprivatomedico.com\/poli\/marco-malaguti\/#breadcrumb","itemListElement":[{"@type":"ListItem","position":1,"name":"Home","item":"https:\/\/poliambulatorioprivatomedico.com\/poli\/"},{"@type":"ListItem","position":2,"name":"MARCO MALAGUTI"}]},{"@type":"WebSite","@id":"https:\/\/poliambulatorioprivatomedico.com\/poli\/#website","url":"https:\/\/poliambulatorioprivatomedico.com\/poli\/","name":"Poliambulatorio Privato Medico Odontoiatrico S.r.l. | Via Frassoni,13\/1 - 41034 Finale Emilia (Mo) P.iva 01467380380 - C.C.I.A.A. LIC.SAN.10075 16 Iscr.Reg.Imprese MO-332935 Direttore Sanitario: Dottor Alberto Facchini","description":"Uno di famiglia, per tutta la famiglia","publisher":{"@id":"https:\/\/poliambulatorioprivatomedico.com\/poli\/#organization"},"potentialAction":[{"@type":"SearchAction","target":{"@type":"EntryPoint","urlTemplate":"https:\/\/poliambulatorioprivatomedico.com\/poli\/?s={search_term_string}"},"query-input":{"@type":"PropertyValueSpecification","valueRequired":true,"valueName":"search_term_string"}}],"inLanguage":"it-IT"},{"@type":"Organization","@id":"https:\/\/poliambulatorioprivatomedico.com\/poli\/#organization","name":"Poliambulatorio Privato Medico Odontoiatrico S.r.l. | Via Frassoni,13\/1 - 41034 Finale Emilia (Mo) P.iva 01467380380 - C.C.I.A.A. LIC.SAN.10075 16 Iscr.Reg.Imprese MO-332935 Direttore Sanitario: Dottor Alberto Facchini","url":"https:\/\/poliambulatorioprivatomedico.com\/poli\/","logo":{"@type":"ImageObject","inLanguage":"it-IT","@id":"https:\/\/poliambulatorioprivatomedico.com\/poli\/#\/schema\/logo\/image\/","url":"https:\/\/poliambulatorioprivatomedico.com\/poli\/wp-content\/uploads\/2021\/04\/logo-poli-bianco-sito.png","contentUrl":"https:\/\/poliambulatorioprivatomedico.com\/poli\/wp-content\/uploads\/2021\/04\/logo-poli-bianco-sito.png","width":395,"height":84,"caption":"Poliambulatorio Privato Medico Odontoiatrico S.r.l. | Via Frassoni,13\/1 - 41034 Finale Emilia (Mo) P.iva 01467380380 - C.C.I.A.A. LIC.SAN.10075 16 Iscr.Reg.Imprese MO-332935 Direttore Sanitario: Dottor Alberto Facchini"},"image":{"@id":"https:\/\/poliambulatorioprivatomedico.com\/poli\/#\/schema\/logo\/image\/"}}]}},"_links":{"self":[{"href":"https:\/\/poliambulatorioprivatomedico.com\/poli\/wp-json\/wp\/v2\/pages\/472","targetHints":{"allow":["GET"]}}],"collection":[{"href":"https:\/\/poliambulatorioprivatomedico.com\/poli\/wp-json\/wp\/v2\/pages"}],"about":[{"href":"https:\/\/poliambulatorioprivatomedico.com\/poli\/wp-json\/wp\/v2\/types\/page"}],"author":[{"embeddable":true,"href":"https:\/\/poliambulatorioprivatomedico.com\/poli\/wp-json\/wp\/v2\/users\/1"}],"replies":[{"embeddable":true,"href":"https:\/\/poliambulatorioprivatomedico.com\/poli\/wp-json\/wp\/v2\/comments?post=472"}],"version-history":[{"count":10,"href":"https:\/\/poliambulatorioprivatomedico.com\/poli\/wp-json\/wp\/v2\/pages\/472\/revisions"}],"predecessor-version":[{"id":1410,"href":"https:\/\/poliambulatorioprivatomedico.com\/poli\/wp-json\/wp\/v2\/pages\/472\/revisions\/1410"}],"wp:attachment":[{"href":"https:\/\/poliambulatorioprivatomedico.com\/poli\/wp-json\/wp\/v2\/media?parent=472"}],"curies":[{"name":"wp","href":"https:\/\/api.w.org\/{rel}","templated":true}]}}