{"id":1808,"date":"2022-05-16T12:19:17","date_gmt":"2022-05-16T12:19:17","guid":{"rendered":"https:\/\/poliambulatorioprivatomedico.com\/poli\/?page_id=1808"},"modified":"2022-05-16T12:19:18","modified_gmt":"2022-05-16T12:19:18","slug":"faq","status":"publish","type":"page","link":"https:\/\/poliambulatorioprivatomedico.com\/poli\/faq\/","title":{"rendered":"FAQ"},"content":{"rendered":"\n<p><strong>Perch\u00e9 voi dentisti siete cos\u00ec &#8220;cari&#8221;?<\/strong><br>I dentisti sono definiti &#8220;cari&#8221; perch\u00e8 le spese di gestione e le apparecchiature utilizzate in uno studio dentistico sono le stesse di una qualsiasi clinica privata e specializzata in cui operano ginecologi, oculisti ecc&#8230; Quindi esistono dei costi reali e fissi molto alti che vanno considerati unitamente alla durata e alla complessit\u00e0 del trattamento clinico da effettuare. Inoltre i dentisti devono sopperire all&#8217;assenza di strutture pubbliche sul territorio e per poter garantire la massima qualit\u00e0 \u00e8 necessario fare investimenti importanti sia per quel che riguarda le apparecchiature che la qualita&#8217; professionale delle competenze.<\/p>\n\n\n\n<hr class=\"wp-block-separator\"\/>\n\n\n\n<p><strong>IMPLANTOLOGIA<\/strong><br><br><strong><em>Che cos&#8217;\u00e8 un impianto dentale?<\/em><\/strong><br>Un impianto dentale \u00e8 una vite in titanio biocompatibile che, inserito nell&#8217;osso, si connette intimamente a quest&#8217;ultimo diventando una radice dentaria artificiale. Su questa radice \u00e8 poi possibile inserire una corona protesica in sostituzione del dente mancante.<br>Esiste il rigetto in Implantologia Dentale?<br>Il materiale utilizzato in implantologia dentale \u00e8 il titanio chirurgico, un materiale totalmente biocompatibile, lo stesso utilizzato nella chirurgia Ortopedica per le protesi del femore, del ginocchio ecc&#8230; In entrambe le discipline, ad oggi siamo ad una media molto bassa di \u201cperdita\u201d o fallimenti. Il dato statistico riporta da un 2 &#8211; 3 % .Essendo i materiali sempre pi\u00f9 performanti sotto l\u2019aspetto della biocompatibilit\u00e0 e in costante evoluzione ,i casi di insuccesso sono quasi sempre di origine batterica (infezioni) e non imputabili a un \u201crigetto\u201d del materiale stesso. Aggiungo a suffragio, che esistono in questi anni tante \u201cbotteghe oscure \u201c dove si praticano interventi con componentistiche poco inclini ai fattori di cui sopra e spesso ingannevolmente vendute come atti di onest\u00e0 gratuiti ai pazienti\u2026Credo di non dover aggiungere altro ! \u201cMeditate gente, meditate\u201d<\/p>\n\n\n\n<p><strong><em>E&#8217; DOLOROSO INSERIRE IMPIANTI? SONO NECESSARI I PUNTI?<\/em><\/strong><br>Inserire un impianto \u00e8 molto meno traumatico che estrarre un dente: l&#8217;anestesia locale durante l&#8217;intervento, il ghiaccio applicato in zona e gli analgesici poi rendono il disagio trascurabile.<br>La tecnica&nbsp;<strong><em>TRANSMUCOSA<\/em><\/strong>&nbsp;(quando possibile \/ necessaria) \u00e8 di minore impatto chirurgico e non prevede l\u2019applicazione dei \u201cpunti\u201d di sutura . Quest\u2019ultimi se applicati sono di facilissima rimozione e essendo di materiale anch\u2019esso compatibile vengono definiti riassorbibili.<br><strong><em><br>QUANTO DURA L&#8217;INTERVENTO DI INSERZIONE DI UN IMPIANTO?<\/em><\/strong><br>Generalmente l&#8217;intervento \u00e8 semplice e breve: meno di un quarto d&#8217;ora per un singolo impianto. Si impiega molto pi\u00f9 tempo nella progettazione dell\u2019intervento\u2026che viene programmato dopo la visita, con radiografie, tac, modelli , dime ( guida di inserzione ), mock-up.<br><br><strong><em>QUANTO DURANO GLI IMPIANTI?<\/em><\/strong><br>Non c&#8217;\u00e8 limite alla loro durata: dalla letteratura si vede che la maggior parte di impianti inseriti 30 anni fa \u00e8 ancora perfettamente funzionante. Importante per\u00f2 \u00e8 attenersi ai controlli periodici durante i quali \u00e8 controllata l&#8217;igiene orale, viene fatta l&#8217;igiene professionale e si motiva e consiglia il paziente.<br><br><strong><em>UNA VOLTA INSERITO L&#8217;IMPIANTO, DOPO QUANTO TEMPO \u00e8 POSSIBILE METTERCI SOPRA IL DENTE?<\/em><\/strong><br>A seconda del tipo di intervento, e dal criterio di scelta dell\u2019impianto, i tempi oscillano da tre settimane a subito. Esistono impianti definiti a\u201d carico immediato\u201d , che consentono l\u2019applicazione istantanea dell\u2019elemento dentale. Tuttavia, spesso accade che l\u2019osso sia \u201cscarso\u201d in quantit\u00e0 e qualit\u00e0 e si debba implementare, o rigenerare .In questi casi i tempi si allungano di molto per rispettare la guarigione dei tessuti sia duri che molli e ad ognuno il suo\u2026<br><br><strong><em>MI HANNO DETTO CHE HO POCO OSSO, POSSO INSERIRE GLI IMPIANTI?<\/em><\/strong><br>Se non c&#8217;\u00e8 osso, come altezza o larghezza della cresta, ci sono varie metodiche che consentono di aumentarla per poter inserire gli impianti.<\/p>\n\n\n\n<p><strong><em>E&#8217; MEGLIO UN PONTE O UN IMPIANTO PER SOSTITUIRE UN DENTE?<\/em><\/strong><br>Dipende: se i denti adiacenti a quello da sostituire presentano grosse cure \u00e8 pi\u00f9 indicato il ponte che preserva le corone compromesse. Se sono integri \u00e8 meglio l&#8217;impianto. Tra questi due casi clinici vi sono molte situazioni da valutare singolarmente in base alle condizioni orali e generali nonch\u00e8 alle esigenze e aspettative del paziente. Da un punto di vista economico i costi sono circa gli stessi.<\/p>\n\n\n\n<p><strong><em>COSA SONO I MINIIMPIANTI?<\/em><\/strong><br>Sono dispositivi che molti confondono con impianti pi\u00f9 economici ma il \u201cmini\u201d non sta come diminutivo del prezzo, ma bens\u00ec alle dimensioni . Sono impianti che non vanno a sostituire i \u201cclassici\u201d ma vengono usati ad aiuto per stabilizzare da subito protesi mobili che potrebbero con il loro costante movimento compromettere la guarigione dei tessuti post intervento . In letteratura non si apprezzano casi clinici rilevanti ;preferibile la tecnica tradizionale sempre e comunque .Questa \u00e8 la nostra opinione.<br><br><strong><em>E&#8217; POSSIBILE UNIRE CON UN PONTE IMPIANTI E DENTI NATURALI?<\/em><\/strong><br>Ci sono validi professionisti che lo fanno, l&#8217;orientamento generale \u00e8 invece di evitare un simile collegamento. Questo per via della resilienza del dente naturale rispetto ad un impianto che non ha . Quest\u2019ultimo \u00e8 rigido e non ha nessun legamento che gli consenta di \u201cammortizzare \u201c i micro traumi nella masticazione. Per questo non si uniscono , pena la perdita del pilastro naturale che cederebbe al volere dell\u2019impianto.\u201d Meglio soli che male accompagnati\u201d<\/p>\n\n\n\n<hr class=\"wp-block-separator\"\/>\n\n\n\n<p><strong>PROTESI&nbsp;<\/strong><br><br><strong><em>PORTO UNA DENTIERA CHE MALGRADO FREQUENTI INTERVENTI \u00e8 MOBILE, SIA QUANDO PARLO CHE QUANDO MANGIO. COME POSSO FARE?<\/em><\/strong><br>Gli impianti, se le condizioni di salute del paziente e la sua qualit\u00e0 ossea sono nella norma, sono la migliore soluzione per stabilizzare una protesi mobile totale ( dentiera ); se la dentiera \u00e8 ancora valida non \u00e8 neppure necessario sostituirla ma solo adattarla agli impianti. Nell\u2019arcata inferiore \u00e8 quasi sempre fattibile e con solo 2 pilastri si cambia la qualit\u00e0 di vita masticatoria del paziente con costi modesti spesso ammortizzabili in poco tempo se si considerano i prezzi degli attuali adesivi in commercio.<\/p>\n\n\n\n<hr class=\"wp-block-separator\"\/>\n\n\n\n<p><strong>ORTODONZIA<\/strong><br><br><strong><em>L&#8217;ortodonzia invisibile \u00e8 idonea per tutti i casi clinici?<\/em><\/strong><br>Come in tutte le branche odontoiatriche, anche in ortodonzia c&#8217;\u00e8 la necessit\u00e0 di effettuare indagini radiografiche ed una visita che permetta di valutare il caso nella sua peculiarit\u00e0 e complessit\u00e0. In linea di massima l&#8217;ortodonzia invisibile \u00e8 idonea in casi di affollamenti dentali non gravi, rotazioni e problematiche di tipo estetico, quindi non \u00e8 idonea per tutti i casi clinici. Formidabile la gestione, e la manutenzione consentendo al paziente di igienizzarsi al meglio evitando le scontate problematiche riscontrate nella tecnica tradizionale.<br><br><strong><em>Una persona adulta pu\u00f2 effettuare un trattamento ortodontico?<\/em><\/strong><br>S\u00ec, \u00e8 possibile effettuare un trattamento ortodontico anche in un paziente adulto, sempre con preliminari indagini radiografiche ed una accurata valutazione delle forze fisiche che vanno quantificate per ovvii limiti d\u2019et\u00e0. Molte le richieste in questi ultimi anni . Condividiamo questa scelta che denota, maturit\u00e0 e rispetto della propria salute . Lo consideriamo il miglior investimento odontoiatrico.<br><br><strong><em>COSA SUCCEDE QUANDO FINISCE IL TRATTAMENTO ORTODONTICO<\/em><\/strong><br>Terminata la fase attiva del trattamento ortodontico, dopo la rimozione dell&#8217;apparecchiatura, viene normalmente consegnato al paziente un dispositivo di contenzione, fisso o mobile. Questo ha lo scopo di stabilizzare i denti nella nuova posizione, dando tempo ai tessuti di sostegno del dente di adattarsi alla nuova situazione.<\/p>\n\n\n\n<hr class=\"wp-block-separator\"\/>\n\n\n\n<p><strong>CONSERVATIVA E ENDODONZIA<\/strong><br><br><strong><em>DEVO FARE UN OTTURAZIONE E IL DENTISTA MI HA DETTO CHE SAREBBE DA DEVITALIZZARE<\/em><\/strong><br>Pu\u00f2 succedere, poich\u00e9 \u00e8 risaputo che l&#8217;immagine radiografica sottostima la dimensione reale della lesione cariosa. Quindi solo durante l&#8217;intervento il professionista si accorge, e decide se mantenere vitale o devitalizzare l\u2019elemento. Se si arriva prossimi alla polpa del dente, inevitabile la devitalizzazione\u2026<br><br><strong><em>DI CHE MATERIALE SONO FATTE LE OTTURAZIONI<\/em><\/strong><br>Le otturazioni vengono oggi realizzate con materiale \u201ccomposito\u201d polimerizzabile, cio\u00e8 che si indurisce con una luce attivante direttamente in bocca, e pigmenti che conferiscono il colore ed il grado di translucenza e opalescenza voluta; questo materiale unisce l&#8217;estetica della porcellana con la duttilit\u00e0 di utilizzo di un composito.<br><br><strong><em>DOLORE AL DENTE DEL GIUDIZIO. CHE FARE ?<\/em><\/strong><br>Non tutti i molari del giudizio devono necessariamente essere estratti. Come spesso accade, una diagnosi corretta pu\u00f2 indirizzare il paziente alla giusta terapia, sia per preservare il dente che per una sua eventuale estrazione. Il dente del giudizio si toglie quando: \u00e8 mal posizionato rispetto al molare che lo precede; quando si \u00e8 impossibilitati alla corretta igiene orale; quando gi\u00e0 si sono presentati i sintomi (dolore, gonfiore della gengiva che ricopre tutto o a met\u00e0 il dente, sensazione di bocca amara, quando il dente \u00e8 cariato, etc.).<br><br><strong><em>CHE COSA E&#8217; LA SIGILLATURA<\/em><\/strong><br>Rappresenta l&#8217;eliminazione da parte del dentista di quelle nicchie anatomiche presenti nei solchi dei molari dei bambini, ricettacolo di residui alimentari e germi cariogeni. Il dentista elimina in primo luogo i residui e i germi, e poi dispone materiali resinosi sui solchi dei molari. Le ultime generazioni di sigillanti permettono un lento rilascio di ioni fluoro, fosfato e calcio che costituiscono una efficace barriera al progredire delle carie.<br><br><strong><em>COME SI PUO&#8217; PREVENIRE IL FASTIDIO DEI DENTI SENSIBILI<\/em><\/strong><br>Si pu\u00f2 ridurre il rischio di soffrire di denti sensibili mantenendo quanto pi\u00f9 possibile la bocca sana, con una buona igiene orale, per aiutare a prevenire la recessione gengivale o la gengivite. E&#8217; importante perci\u00f2 spazzolare i denti con un dentifricio a bassa abrasivit\u00e0; usare correttamente il filo interdentale; seguire un&#8217;alimentazione a base di cibi e bevande poco acidi. Trascurare i denti sensibili pu\u00f2 comportare il rischio di carie e gengiviti.<br><br><strong><em>QUALI SONO LE CAUSE DELLE MALATTIE PARADONTALI<\/em><\/strong><br>Una delle cause principali delle malattie parodontali \u00e8 sicuramente la placca che si accumula sulle superfici dentali. Se la placca non viene rimossa quotidianamente aumenta di volume e alcune specie batteriche particolarmente aggressive possono penetrare nel solco gengivale provocando un lento processo di distruzione. L&#8217;osso si riassorbe e la gengiva si distacca dalla radice del dente, determinando la formazione di uno spazio che viene definito \u201ctasca parodontale\u201d. La velocit\u00e0 e l&#8217;entit\u00e0 della distruzione batterica possono per\u00f2 essere influenzate anche da altri fattori, come il fumo, malattie sistemiche come il diabete o leucemie, e da alcune predisposizioni genetiche.<br>Un dente devitalizzato pu\u00f2 far male?<br>Un dente devitalizzato, pu\u00f2 continuare a far male anche per 30-40 giorni dopo l&#8217;ultima devitalizzazione, anche se eseguita bene. La presenza di dolore che superi i 3 mesi, invece, deve far sospettare che ci sia un problema. Inoltre un dente devitalizzato pu\u00f2 ammalarsi per altre ragioni diverse dalla causa iniziale che ha portato alla necessit\u00e0 di devitalizzarlo. Queste cause possono essere: parodontali, traumatiche ed apicali, quindi su un dente gi\u00e0 devitalizzato possono comparire secondariamente delle patologia che possono causare dolore.<br><br><strong><em>A CHE ETA&#8217; \u00e8 BENE FARE LA PRIMA VISITA ODONTOIATRICA?<\/em><\/strong><br>Verso i 3 anni la dentatura da latte \u00e8 completa per cui \u00e8 opportuno un controllo. In<br>ogni caso non oltre i 6 anni quando compare il primo molare permanente e c&#8217;\u00e8 la permuta degli incisivi. Inoltre alcune malocclusioni -es terze classi- o abitudini viziate -es succhiare il dito- richiedono un intervento precoce, anche intorno ai 4 anni.<br><br><strong><em>MIO FIGLIO HA ALCUNI DENTI DA LATTE CARIATI, LI DEVO FAR CURARE?<\/em><\/strong><br>Se il dente da latte \u00e8 prossimo alla caduta non \u00e8 necessario, se invece deve restare ancora a lungo in bocca s\u00ec. Permettendo alla carie di distruggere il dente viene perso spazio nell&#8217;arcata, il che comporta problemi ortodontici. In pi\u00f9 un dente cariato \u00e8 una fonte di infezioni, non solo della bocca ma di tutto l&#8217;organismo.<\/p>\n\n\n\n<hr class=\"wp-block-separator\"\/>\n\n\n\n<p><strong>IGIENE E PROFILASSI<\/strong><br>Quante volte l&#8217;anno \u00e8 necessario effettuare una pulizia dei denti?<br>Le linee guida consigliano di effettuare un&#8217;igiene orale ogni 6 mesi, anche per permettere un periodico controllo da parte del dentista.<br>L&#8217;uso del filo interdentale \u00e8 necessario o \u00e8 sufficiente l&#8217;uso dello spazzolino?<br>L&#8217;uso del filo interdentale \u00e8 fondamentale per la pulizia degli spazi tra dente e dente; quindi, la rimozione meccanica di tutta la placca batterica non \u00e8 possibile effettuarla con il solo uso dello spazzolino.<\/p>\n\n\n\n<hr class=\"wp-block-separator\"\/>\n\n\n\n<p><strong>LO SBIANCAMENTO<\/strong><br>Lo sbiancamento \u00e8 un intervento estetico che ha come obiettivo il cambiamento del colore dei denti, eliminando o attenuando le discromie dentali, per migliorare e ringiovanire il sorriso. Si produce (in studio) mediante una reazione di ossidazione in cui il gel sbiancante (perossido di idrogeno) penetra lo smalto e fa schiarire la dentina e dunque il colore del dente, utilizzando la luce blu (fredda) del laser che attiva la reazione chimica del gel. E&#8217; un trattamento altamente specialistico, di natura odontoiatrica, che potrebbe risultare molto dannoso se non preceduto da un&#8217;attenta valutazione dei parametri di salute dentale di ciascun singolo paziente.<\/p>\n","protected":false},"excerpt":{"rendered":"<p>Perch\u00e9 voi dentisti siete cos\u00ec &#8220;cari&#8221;?I dentisti sono definiti &#8220;cari&#8221; perch\u00e8 le spese di gestione e le apparecchiature utilizzate in uno studio dentistico sono le stesse di una qualsiasi clinica privata e specializzata in cui operano ginecologi, oculisti ecc&#8230; Quindi esistono dei costi reali e fissi molto alti che vanno considerati unitamente alla durata e [&hellip;]<\/p>\n","protected":false},"author":1,"featured_media":0,"parent":0,"menu_order":0,"comment_status":"closed","ping_status":"closed","template":"","meta":{"footnotes":""},"class_list":["post-1808","page","type-page","status-publish","hentry"],"yoast_head":"<!-- This site is optimized with the Yoast SEO plugin v26.4 - https:\/\/yoast.com\/wordpress\/plugins\/seo\/ -->\n<title>FAQ - Poliambulatorio Privato Medico Odontoiatrico S.r.l. | Via Frassoni,13\/1 - 41034 Finale Emilia (Mo) P.iva 01467380380 - C.C.I.A.A. LIC.SAN.10075 16 Iscr.Reg.Imprese MO-332935 Direttore Sanitario: Dottor Alberto Facchini<\/title>\n<meta name=\"robots\" content=\"index, follow, max-snippet:-1, max-image-preview:large, max-video-preview:-1\" \/>\n<link rel=\"canonical\" href=\"https:\/\/poliambulatorioprivatomedico.com\/poli\/faq\/\" \/>\n<meta property=\"og:locale\" content=\"it_IT\" \/>\n<meta property=\"og:type\" content=\"article\" \/>\n<meta property=\"og:title\" content=\"FAQ - Poliambulatorio Privato Medico Odontoiatrico S.r.l. | Via Frassoni,13\/1 - 41034 Finale Emilia (Mo) P.iva 01467380380 - C.C.I.A.A. LIC.SAN.10075 16 Iscr.Reg.Imprese MO-332935 Direttore Sanitario: Dottor Alberto Facchini\" \/>\n<meta property=\"og:description\" content=\"Perch\u00e9 voi dentisti siete cos\u00ec &#8220;cari&#8221;?I dentisti sono definiti &#8220;cari&#8221; perch\u00e8 le spese di gestione e le apparecchiature utilizzate in uno studio dentistico sono le stesse di una qualsiasi clinica privata e specializzata in cui operano ginecologi, oculisti ecc&#8230; Quindi esistono dei costi reali e fissi molto alti che vanno considerati unitamente alla durata e [&hellip;]\" \/>\n<meta property=\"og:url\" content=\"https:\/\/poliambulatorioprivatomedico.com\/poli\/faq\/\" \/>\n<meta property=\"og:site_name\" content=\"Poliambulatorio Privato Medico Odontoiatrico S.r.l. | Via Frassoni,13\/1 - 41034 Finale Emilia (Mo) P.iva 01467380380 - C.C.I.A.A. LIC.SAN.10075 16 Iscr.Reg.Imprese MO-332935 Direttore Sanitario: Dottor Alberto Facchini\" \/>\n<meta property=\"article:modified_time\" content=\"2022-05-16T12:19:18+00:00\" \/>\n<meta name=\"twitter:card\" content=\"summary_large_image\" \/>\n<meta name=\"twitter:label1\" content=\"Tempo di lettura stimato\" \/>\n\t<meta name=\"twitter:data1\" content=\"11 minuti\" \/>\n<script type=\"application\/ld+json\" class=\"yoast-schema-graph\">{\"@context\":\"https:\/\/schema.org\",\"@graph\":[{\"@type\":\"WebPage\",\"@id\":\"https:\/\/poliambulatorioprivatomedico.com\/poli\/faq\/\",\"url\":\"https:\/\/poliambulatorioprivatomedico.com\/poli\/faq\/\",\"name\":\"FAQ - Poliambulatorio Privato Medico Odontoiatrico S.r.l. | Via Frassoni,13\/1 - 41034 Finale Emilia (Mo) P.iva 01467380380 - C.C.I.A.A. LIC.SAN.10075 16 Iscr.Reg.Imprese MO-332935 Direttore Sanitario: Dottor Alberto Facchini\",\"isPartOf\":{\"@id\":\"https:\/\/poliambulatorioprivatomedico.com\/poli\/#website\"},\"datePublished\":\"2022-05-16T12:19:17+00:00\",\"dateModified\":\"2022-05-16T12:19:18+00:00\",\"breadcrumb\":{\"@id\":\"https:\/\/poliambulatorioprivatomedico.com\/poli\/faq\/#breadcrumb\"},\"inLanguage\":\"it-IT\",\"potentialAction\":[{\"@type\":\"ReadAction\",\"target\":[\"https:\/\/poliambulatorioprivatomedico.com\/poli\/faq\/\"]}]},{\"@type\":\"BreadcrumbList\",\"@id\":\"https:\/\/poliambulatorioprivatomedico.com\/poli\/faq\/#breadcrumb\",\"itemListElement\":[{\"@type\":\"ListItem\",\"position\":1,\"name\":\"Home\",\"item\":\"https:\/\/poliambulatorioprivatomedico.com\/poli\/\"},{\"@type\":\"ListItem\",\"position\":2,\"name\":\"FAQ\"}]},{\"@type\":\"WebSite\",\"@id\":\"https:\/\/poliambulatorioprivatomedico.com\/poli\/#website\",\"url\":\"https:\/\/poliambulatorioprivatomedico.com\/poli\/\",\"name\":\"Poliambulatorio Privato Medico Odontoiatrico S.r.l. | Via Frassoni,13\/1 - 41034 Finale Emilia (Mo) P.iva 01467380380 - C.C.I.A.A. LIC.SAN.10075 16 Iscr.Reg.Imprese MO-332935 Direttore Sanitario: Dottor Alberto Facchini\",\"description\":\"Uno di famiglia, per tutta la famiglia\",\"publisher\":{\"@id\":\"https:\/\/poliambulatorioprivatomedico.com\/poli\/#organization\"},\"potentialAction\":[{\"@type\":\"SearchAction\",\"target\":{\"@type\":\"EntryPoint\",\"urlTemplate\":\"https:\/\/poliambulatorioprivatomedico.com\/poli\/?s={search_term_string}\"},\"query-input\":{\"@type\":\"PropertyValueSpecification\",\"valueRequired\":true,\"valueName\":\"search_term_string\"}}],\"inLanguage\":\"it-IT\"},{\"@type\":\"Organization\",\"@id\":\"https:\/\/poliambulatorioprivatomedico.com\/poli\/#organization\",\"name\":\"Poliambulatorio Privato Medico Odontoiatrico S.r.l. | Via Frassoni,13\/1 - 41034 Finale Emilia (Mo) P.iva 01467380380 - C.C.I.A.A. LIC.SAN.10075 16 Iscr.Reg.Imprese MO-332935 Direttore Sanitario: Dottor Alberto Facchini\",\"url\":\"https:\/\/poliambulatorioprivatomedico.com\/poli\/\",\"logo\":{\"@type\":\"ImageObject\",\"inLanguage\":\"it-IT\",\"@id\":\"https:\/\/poliambulatorioprivatomedico.com\/poli\/#\/schema\/logo\/image\/\",\"url\":\"https:\/\/poliambulatorioprivatomedico.com\/poli\/wp-content\/uploads\/2021\/04\/logo-poli-bianco-sito.png\",\"contentUrl\":\"https:\/\/poliambulatorioprivatomedico.com\/poli\/wp-content\/uploads\/2021\/04\/logo-poli-bianco-sito.png\",\"width\":395,\"height\":84,\"caption\":\"Poliambulatorio Privato Medico Odontoiatrico S.r.l. | Via Frassoni,13\/1 - 41034 Finale Emilia (Mo) P.iva 01467380380 - C.C.I.A.A. LIC.SAN.10075 16 Iscr.Reg.Imprese MO-332935 Direttore Sanitario: Dottor Alberto Facchini\"},\"image\":{\"@id\":\"https:\/\/poliambulatorioprivatomedico.com\/poli\/#\/schema\/logo\/image\/\"}}]}<\/script>\n<!-- \/ Yoast SEO plugin. -->","yoast_head_json":{"title":"FAQ - Poliambulatorio Privato Medico Odontoiatrico S.r.l. | Via Frassoni,13\/1 - 41034 Finale Emilia (Mo) P.iva 01467380380 - C.C.I.A.A. LIC.SAN.10075 16 Iscr.Reg.Imprese MO-332935 Direttore Sanitario: Dottor Alberto Facchini","robots":{"index":"index","follow":"follow","max-snippet":"max-snippet:-1","max-image-preview":"max-image-preview:large","max-video-preview":"max-video-preview:-1"},"canonical":"https:\/\/poliambulatorioprivatomedico.com\/poli\/faq\/","og_locale":"it_IT","og_type":"article","og_title":"FAQ - Poliambulatorio Privato Medico Odontoiatrico S.r.l. | Via Frassoni,13\/1 - 41034 Finale Emilia (Mo) P.iva 01467380380 - C.C.I.A.A. LIC.SAN.10075 16 Iscr.Reg.Imprese MO-332935 Direttore Sanitario: Dottor Alberto Facchini","og_description":"Perch\u00e9 voi dentisti siete cos\u00ec &#8220;cari&#8221;?I dentisti sono definiti &#8220;cari&#8221; perch\u00e8 le spese di gestione e le apparecchiature utilizzate in uno studio dentistico sono le stesse di una qualsiasi clinica privata e specializzata in cui operano ginecologi, oculisti ecc&#8230; Quindi esistono dei costi reali e fissi molto alti che vanno considerati unitamente alla durata e [&hellip;]","og_url":"https:\/\/poliambulatorioprivatomedico.com\/poli\/faq\/","og_site_name":"Poliambulatorio Privato Medico Odontoiatrico S.r.l. | Via Frassoni,13\/1 - 41034 Finale Emilia (Mo) P.iva 01467380380 - C.C.I.A.A. LIC.SAN.10075 16 Iscr.Reg.Imprese MO-332935 Direttore Sanitario: Dottor Alberto Facchini","article_modified_time":"2022-05-16T12:19:18+00:00","twitter_card":"summary_large_image","twitter_misc":{"Tempo di lettura stimato":"11 minuti"},"schema":{"@context":"https:\/\/schema.org","@graph":[{"@type":"WebPage","@id":"https:\/\/poliambulatorioprivatomedico.com\/poli\/faq\/","url":"https:\/\/poliambulatorioprivatomedico.com\/poli\/faq\/","name":"FAQ - Poliambulatorio Privato Medico Odontoiatrico S.r.l. | Via Frassoni,13\/1 - 41034 Finale Emilia (Mo) P.iva 01467380380 - C.C.I.A.A. LIC.SAN.10075 16 Iscr.Reg.Imprese MO-332935 Direttore Sanitario: Dottor Alberto Facchini","isPartOf":{"@id":"https:\/\/poliambulatorioprivatomedico.com\/poli\/#website"},"datePublished":"2022-05-16T12:19:17+00:00","dateModified":"2022-05-16T12:19:18+00:00","breadcrumb":{"@id":"https:\/\/poliambulatorioprivatomedico.com\/poli\/faq\/#breadcrumb"},"inLanguage":"it-IT","potentialAction":[{"@type":"ReadAction","target":["https:\/\/poliambulatorioprivatomedico.com\/poli\/faq\/"]}]},{"@type":"BreadcrumbList","@id":"https:\/\/poliambulatorioprivatomedico.com\/poli\/faq\/#breadcrumb","itemListElement":[{"@type":"ListItem","position":1,"name":"Home","item":"https:\/\/poliambulatorioprivatomedico.com\/poli\/"},{"@type":"ListItem","position":2,"name":"FAQ"}]},{"@type":"WebSite","@id":"https:\/\/poliambulatorioprivatomedico.com\/poli\/#website","url":"https:\/\/poliambulatorioprivatomedico.com\/poli\/","name":"Poliambulatorio Privato Medico Odontoiatrico S.r.l. | Via Frassoni,13\/1 - 41034 Finale Emilia (Mo) P.iva 01467380380 - C.C.I.A.A. LIC.SAN.10075 16 Iscr.Reg.Imprese MO-332935 Direttore Sanitario: Dottor Alberto Facchini","description":"Uno di famiglia, per tutta la famiglia","publisher":{"@id":"https:\/\/poliambulatorioprivatomedico.com\/poli\/#organization"},"potentialAction":[{"@type":"SearchAction","target":{"@type":"EntryPoint","urlTemplate":"https:\/\/poliambulatorioprivatomedico.com\/poli\/?s={search_term_string}"},"query-input":{"@type":"PropertyValueSpecification","valueRequired":true,"valueName":"search_term_string"}}],"inLanguage":"it-IT"},{"@type":"Organization","@id":"https:\/\/poliambulatorioprivatomedico.com\/poli\/#organization","name":"Poliambulatorio Privato Medico Odontoiatrico S.r.l. | Via Frassoni,13\/1 - 41034 Finale Emilia (Mo) P.iva 01467380380 - C.C.I.A.A. LIC.SAN.10075 16 Iscr.Reg.Imprese MO-332935 Direttore Sanitario: Dottor Alberto Facchini","url":"https:\/\/poliambulatorioprivatomedico.com\/poli\/","logo":{"@type":"ImageObject","inLanguage":"it-IT","@id":"https:\/\/poliambulatorioprivatomedico.com\/poli\/#\/schema\/logo\/image\/","url":"https:\/\/poliambulatorioprivatomedico.com\/poli\/wp-content\/uploads\/2021\/04\/logo-poli-bianco-sito.png","contentUrl":"https:\/\/poliambulatorioprivatomedico.com\/poli\/wp-content\/uploads\/2021\/04\/logo-poli-bianco-sito.png","width":395,"height":84,"caption":"Poliambulatorio Privato Medico Odontoiatrico S.r.l. | Via Frassoni,13\/1 - 41034 Finale Emilia (Mo) P.iva 01467380380 - C.C.I.A.A. LIC.SAN.10075 16 Iscr.Reg.Imprese MO-332935 Direttore Sanitario: Dottor Alberto Facchini"},"image":{"@id":"https:\/\/poliambulatorioprivatomedico.com\/poli\/#\/schema\/logo\/image\/"}}]}},"_links":{"self":[{"href":"https:\/\/poliambulatorioprivatomedico.com\/poli\/wp-json\/wp\/v2\/pages\/1808","targetHints":{"allow":["GET"]}}],"collection":[{"href":"https:\/\/poliambulatorioprivatomedico.com\/poli\/wp-json\/wp\/v2\/pages"}],"about":[{"href":"https:\/\/poliambulatorioprivatomedico.com\/poli\/wp-json\/wp\/v2\/types\/page"}],"author":[{"embeddable":true,"href":"https:\/\/poliambulatorioprivatomedico.com\/poli\/wp-json\/wp\/v2\/users\/1"}],"replies":[{"embeddable":true,"href":"https:\/\/poliambulatorioprivatomedico.com\/poli\/wp-json\/wp\/v2\/comments?post=1808"}],"version-history":[{"count":1,"href":"https:\/\/poliambulatorioprivatomedico.com\/poli\/wp-json\/wp\/v2\/pages\/1808\/revisions"}],"predecessor-version":[{"id":1811,"href":"https:\/\/poliambulatorioprivatomedico.com\/poli\/wp-json\/wp\/v2\/pages\/1808\/revisions\/1811"}],"wp:attachment":[{"href":"https:\/\/poliambulatorioprivatomedico.com\/poli\/wp-json\/wp\/v2\/media?parent=1808"}],"curies":[{"name":"wp","href":"https:\/\/api.w.org\/{rel}","templated":true}]}}