{"id":1424,"date":"2021-05-01T13:08:22","date_gmt":"2021-05-01T13:08:22","guid":{"rendered":"https:\/\/poliambulatorioprivatomedico.com\/poli\/?page_id=1424"},"modified":"2021-05-01T14:29:37","modified_gmt":"2021-05-01T14:29:37","slug":"ortodonzia","status":"publish","type":"page","link":"https:\/\/poliambulatorioprivatomedico.com\/poli\/ortodonzia\/","title":{"rendered":"ORTODONZIA"},"content":{"rendered":"\n<h2 class=\"wp-block-heading\">ORTODONZIA<\/h2>\n\n\n\n<p class=\"has-colibri-color-6-color has-text-color\">Dopo aver curato la salute dei denti ci si dedica al loro Riallineamento e Funzionalit\u00e0: questo \u00e8 quello che fa il medico Ortodonzista, Il dottor <strong>Paolo Montella<\/strong>: tutto questo senza limite di et\u00e0 sia con le tradizionali tecniche di riallineamento fino ad arrivare alle nuove generazioni di allineatori trasparenti:<em> il massimo del confort . Avvalendosi della collaborazione professionale di una giovane logopedista Federica per far fronte alle problematiche e disturbi della deglutizione<\/em>.<\/p>\n\n\n\n<p class=\"has-colibri-color-6-color has-text-color\"><strong>L\u2019ortodonzia<\/strong>&nbsp;(letteralmente \u201cdenti dritti\u201d) \u00e8 quella branca dell\u2019odontoiatria che&nbsp;<strong>si occupa di prevenire e curare disallineamenti, disturbi di crescita e difetti di sviluppo sia della dentizione che delle ossa mascellari<\/strong>: tutte condizioni che determinano non solo un\u2019alterazione dell\u2019estetica del sorriso, ma anche della funzione del sistema masticatorio.<\/p>\n\n\n\n<p class=\"has-colibri-color-6-color has-text-color\">Nel caso in cui le malocclusioni (chiusura difettosa dei denti) siano risolvibili senza il ricorso alla chirurgia, per ripristinare la corretta funzionalit\u00e0 della dentatura vengono impiegati gli apparecchi ortodontici, distinti tra mobili, fissi e trasparenti.<\/p>\n\n\n\n<figure class=\"wp-block-gallery columns-4 is-cropped wp-block-gallery-1 is-layout-flex wp-block-gallery-is-layout-flex\"><ul class=\"blocks-gallery-grid\"><li class=\"blocks-gallery-item\"><figure><img loading=\"lazy\" decoding=\"async\" width=\"351\" height=\"191\" src=\"https:\/\/poliambulatorioprivatomedico.com\/poli\/wp-content\/uploads\/2021\/04\/Immagine26-e1619791929299.jpg\" alt=\"\" data-id=\"1212\" data-full-url=\"https:\/\/poliambulatorioprivatomedico.com\/poli\/wp-content\/uploads\/2021\/04\/Immagine26-e1619791929299.jpg\" data-link=\"https:\/\/poliambulatorioprivatomedico.com\/poli\/?attachment_id=1212\" class=\"wp-image-1212\" srcset=\"https:\/\/poliambulatorioprivatomedico.com\/poli\/wp-content\/uploads\/2021\/04\/Immagine26-e1619791929299.jpg 351w, https:\/\/poliambulatorioprivatomedico.com\/poli\/wp-content\/uploads\/2021\/04\/Immagine26-e1619791929299-300x163.jpg 300w\" sizes=\"auto, (max-width: 351px) 100vw, 351px\" \/><\/figure><\/li><li class=\"blocks-gallery-item\"><figure><img loading=\"lazy\" decoding=\"async\" width=\"238\" height=\"180\" src=\"https:\/\/poliambulatorioprivatomedico.com\/poli\/wp-content\/uploads\/2021\/04\/Immagine27.jpg\" alt=\"\" data-id=\"1213\" data-full-url=\"https:\/\/poliambulatorioprivatomedico.com\/poli\/wp-content\/uploads\/2021\/04\/Immagine27.jpg\" data-link=\"https:\/\/poliambulatorioprivatomedico.com\/poli\/?attachment_id=1213\" class=\"wp-image-1213\"\/><\/figure><\/li><li class=\"blocks-gallery-item\"><figure><img loading=\"lazy\" decoding=\"async\" width=\"770\" height=\"770\" src=\"https:\/\/poliambulatorioprivatomedico.com\/poli\/wp-content\/uploads\/2021\/04\/Immagine28.jpg\" alt=\"\" data-id=\"1227\" data-full-url=\"https:\/\/poliambulatorioprivatomedico.com\/poli\/wp-content\/uploads\/2021\/04\/Immagine28.jpg\" data-link=\"https:\/\/poliambulatorioprivatomedico.com\/poli\/?attachment_id=1227\" class=\"wp-image-1227\" srcset=\"https:\/\/poliambulatorioprivatomedico.com\/poli\/wp-content\/uploads\/2021\/04\/Immagine28.jpg 770w, https:\/\/poliambulatorioprivatomedico.com\/poli\/wp-content\/uploads\/2021\/04\/Immagine28-300x300.jpg 300w, https:\/\/poliambulatorioprivatomedico.com\/poli\/wp-content\/uploads\/2021\/04\/Immagine28-150x150.jpg 150w, https:\/\/poliambulatorioprivatomedico.com\/poli\/wp-content\/uploads\/2021\/04\/Immagine28-768x768.jpg 768w, https:\/\/poliambulatorioprivatomedico.com\/poli\/wp-content\/uploads\/2021\/04\/Immagine28-640x640.jpg 640w, https:\/\/poliambulatorioprivatomedico.com\/poli\/wp-content\/uploads\/2021\/04\/Immagine28-50x50.jpg 50w\" sizes=\"auto, (max-width: 770px) 100vw, 770px\" \/><\/figure><\/li><li class=\"blocks-gallery-item\"><figure><img loading=\"lazy\" decoding=\"async\" width=\"303\" height=\"169\" src=\"https:\/\/poliambulatorioprivatomedico.com\/poli\/wp-content\/uploads\/2021\/04\/Immagine25.jpg\" alt=\"\" data-id=\"1211\" data-full-url=\"https:\/\/poliambulatorioprivatomedico.com\/poli\/wp-content\/uploads\/2021\/04\/Immagine25.jpg\" data-link=\"https:\/\/poliambulatorioprivatomedico.com\/poli\/?attachment_id=1211\" class=\"wp-image-1211\" srcset=\"https:\/\/poliambulatorioprivatomedico.com\/poli\/wp-content\/uploads\/2021\/04\/Immagine25.jpg 303w, https:\/\/poliambulatorioprivatomedico.com\/poli\/wp-content\/uploads\/2021\/04\/Immagine25-300x167.jpg 300w\" sizes=\"auto, (max-width: 303px) 100vw, 303px\" \/><\/figure><\/li><li class=\"blocks-gallery-item\"><figure><img loading=\"lazy\" decoding=\"async\" width=\"1015\" height=\"678\" src=\"https:\/\/poliambulatorioprivatomedico.com\/poli\/wp-content\/uploads\/2021\/04\/Immagine29.jpg\" alt=\"\" data-id=\"1228\" data-full-url=\"https:\/\/poliambulatorioprivatomedico.com\/poli\/wp-content\/uploads\/2021\/04\/Immagine29.jpg\" data-link=\"https:\/\/poliambulatorioprivatomedico.com\/poli\/?attachment_id=1228\" class=\"wp-image-1228\" srcset=\"https:\/\/poliambulatorioprivatomedico.com\/poli\/wp-content\/uploads\/2021\/04\/Immagine29.jpg 1015w, https:\/\/poliambulatorioprivatomedico.com\/poli\/wp-content\/uploads\/2021\/04\/Immagine29-300x200.jpg 300w, https:\/\/poliambulatorioprivatomedico.com\/poli\/wp-content\/uploads\/2021\/04\/Immagine29-768x513.jpg 768w\" sizes=\"auto, (max-width: 1015px) 100vw, 1015px\" \/><\/figure><\/li><\/ul><\/figure>\n\n\n\n<p class=\"has-colibri-color-6-color has-text-color\"><strong><em>Che cos&#8217;\u00e8 Invisalign?<br><\/em><\/strong>Il trattamento con Invisalign si compone di una serie di aligner quasi invisibili e rimovibili che vengono sostituiti ogni due settimane da un nuovo set. Ciascun aligner \u00e8 realizzato appositamente e soltanto per i tuoi denti. Quando si sostituiscono gli aligner, i tuoi denti si muovono, piano piano, settimana dopo settimana, finch\u00e9 non si saranno allineati nella posizione finale definita dal tuo dentista. Inoltre un programma di trattamento virtuale 3D (software ClinCheck\u00ae) mostra gli spostamenti che i tuoi denti seguiranno nel corso del trattamento. Ci\u00f2 ti permette di sapere in anticipo quale sar\u00e0 l&#8217;aspetto dei denti al termine del trattamento. I risultati del sistema ClinCheck consentono di realizzare degli aligner trasparenti su misura per te. Se sei pronto per un sorriso che rivoluzioner\u00e0 il tuo aspetto, Invisalign potrebbe essere l&#8217;opzione di trattamento giusta per te&#8230;<br><em>Testo tratto dal sito ufficiale al quale ti rimandiamo per ulteriori dettagli.\u00a0<a href=\"http:\/\/www.invisalign.it\/it\/what-is-invisalign\/Pages\/What-is.aspx\" target=\"_blank\" rel=\"noreferrer noopener\">Collegati al sito<\/a><\/em><\/p>\n\n\n\n<div class=\"wp-block-image is-style-rounded\"><figure class=\"aligncenter size-large\"><img loading=\"lazy\" decoding=\"async\" width=\"512\" height=\"286\" src=\"https:\/\/poliambulatorioprivatomedico.com\/poli\/wp-content\/uploads\/2021\/05\/invisalign.jpg\" alt=\"\" class=\"wp-image-1532\" srcset=\"https:\/\/poliambulatorioprivatomedico.com\/poli\/wp-content\/uploads\/2021\/05\/invisalign.jpg 512w, https:\/\/poliambulatorioprivatomedico.com\/poli\/wp-content\/uploads\/2021\/05\/invisalign-300x168.jpg 300w\" sizes=\"auto, (max-width: 512px) 100vw, 512px\" \/><\/figure><\/div>\n\n\n\n<div class=\"wp-block-image\"><figure class=\"aligncenter size-large\"><img loading=\"lazy\" decoding=\"async\" width=\"966\" height=\"142\" src=\"https:\/\/poliambulatorioprivatomedico.com\/poli\/wp-content\/uploads\/2021\/05\/separatore.png\" alt=\"\" class=\"wp-image-1376\" srcset=\"https:\/\/poliambulatorioprivatomedico.com\/poli\/wp-content\/uploads\/2021\/05\/separatore.png 966w, https:\/\/poliambulatorioprivatomedico.com\/poli\/wp-content\/uploads\/2021\/05\/separatore-300x44.png 300w, https:\/\/poliambulatorioprivatomedico.com\/poli\/wp-content\/uploads\/2021\/05\/separatore-768x113.png 768w\" sizes=\"auto, (max-width: 966px) 100vw, 966px\" \/><\/figure><\/div>\n","protected":false},"excerpt":{"rendered":"<p>ORTODONZIA Dopo aver curato la salute dei denti ci si dedica al loro Riallineamento e Funzionalit\u00e0: questo \u00e8 quello che fa il medico Ortodonzista, Il dottor Paolo Montella: tutto questo senza limite di et\u00e0 sia con le tradizionali tecniche di riallineamento fino ad arrivare alle nuove generazioni di allineatori trasparenti: il massimo del confort . [&hellip;]<\/p>\n","protected":false},"author":1,"featured_media":0,"parent":0,"menu_order":0,"comment_status":"closed","ping_status":"closed","template":"","meta":{"footnotes":""},"class_list":["post-1424","page","type-page","status-publish","hentry"],"yoast_head":"<!-- This site is optimized with the Yoast SEO plugin v26.4 - https:\/\/yoast.com\/wordpress\/plugins\/seo\/ -->\n<title>ORTODONZIA - Poliambulatorio Privato Medico Odontoiatrico S.r.l. | Via Frassoni,13\/1 - 41034 Finale Emilia (Mo) P.iva 01467380380 - C.C.I.A.A. LIC.SAN.10075 16 Iscr.Reg.Imprese MO-332935 Direttore Sanitario: Dottor Alberto Facchini<\/title>\n<meta name=\"robots\" content=\"index, follow, max-snippet:-1, max-image-preview:large, max-video-preview:-1\" \/>\n<link rel=\"canonical\" href=\"https:\/\/poliambulatorioprivatomedico.com\/poli\/ortodonzia\/\" \/>\n<meta property=\"og:locale\" content=\"it_IT\" \/>\n<meta property=\"og:type\" content=\"article\" \/>\n<meta property=\"og:title\" content=\"ORTODONZIA - Poliambulatorio Privato Medico Odontoiatrico S.r.l. | Via Frassoni,13\/1 - 41034 Finale Emilia (Mo) P.iva 01467380380 - C.C.I.A.A. LIC.SAN.10075 16 Iscr.Reg.Imprese MO-332935 Direttore Sanitario: Dottor Alberto Facchini\" \/>\n<meta property=\"og:description\" content=\"ORTODONZIA Dopo aver curato la salute dei denti ci si dedica al loro Riallineamento e Funzionalit\u00e0: questo \u00e8 quello che fa il medico Ortodonzista, Il dottor Paolo Montella: tutto questo senza limite di et\u00e0 sia con le tradizionali tecniche di riallineamento fino ad arrivare alle nuove generazioni di allineatori trasparenti: il massimo del confort . [&hellip;]\" \/>\n<meta property=\"og:url\" content=\"https:\/\/poliambulatorioprivatomedico.com\/poli\/ortodonzia\/\" \/>\n<meta property=\"og:site_name\" content=\"Poliambulatorio Privato Medico Odontoiatrico S.r.l. | Via Frassoni,13\/1 - 41034 Finale Emilia (Mo) P.iva 01467380380 - C.C.I.A.A. LIC.SAN.10075 16 Iscr.Reg.Imprese MO-332935 Direttore Sanitario: Dottor Alberto Facchini\" \/>\n<meta property=\"article:modified_time\" content=\"2021-05-01T14:29:37+00:00\" \/>\n<meta property=\"og:image\" content=\"https:\/\/poliambulatorioprivatomedico.com\/poli\/wp-content\/uploads\/2021\/04\/Immagine26-e1619791929299.jpg\" \/>\n<meta name=\"twitter:card\" content=\"summary_large_image\" \/>\n<meta name=\"twitter:label1\" content=\"Tempo di lettura stimato\" \/>\n\t<meta name=\"twitter:data1\" content=\"3 minuti\" \/>\n<script type=\"application\/ld+json\" class=\"yoast-schema-graph\">{\"@context\":\"https:\/\/schema.org\",\"@graph\":[{\"@type\":\"WebPage\",\"@id\":\"https:\/\/poliambulatorioprivatomedico.com\/poli\/ortodonzia\/\",\"url\":\"https:\/\/poliambulatorioprivatomedico.com\/poli\/ortodonzia\/\",\"name\":\"ORTODONZIA - Poliambulatorio Privato Medico Odontoiatrico S.r.l. | Via Frassoni,13\/1 - 41034 Finale Emilia (Mo) P.iva 01467380380 - C.C.I.A.A. LIC.SAN.10075 16 Iscr.Reg.Imprese MO-332935 Direttore Sanitario: Dottor Alberto Facchini\",\"isPartOf\":{\"@id\":\"https:\/\/poliambulatorioprivatomedico.com\/poli\/#website\"},\"primaryImageOfPage\":{\"@id\":\"https:\/\/poliambulatorioprivatomedico.com\/poli\/ortodonzia\/#primaryimage\"},\"image\":{\"@id\":\"https:\/\/poliambulatorioprivatomedico.com\/poli\/ortodonzia\/#primaryimage\"},\"thumbnailUrl\":\"https:\/\/poliambulatorioprivatomedico.com\/poli\/wp-content\/uploads\/2021\/04\/Immagine26-e1619791929299.jpg\",\"datePublished\":\"2021-05-01T13:08:22+00:00\",\"dateModified\":\"2021-05-01T14:29:37+00:00\",\"breadcrumb\":{\"@id\":\"https:\/\/poliambulatorioprivatomedico.com\/poli\/ortodonzia\/#breadcrumb\"},\"inLanguage\":\"it-IT\",\"potentialAction\":[{\"@type\":\"ReadAction\",\"target\":[\"https:\/\/poliambulatorioprivatomedico.com\/poli\/ortodonzia\/\"]}]},{\"@type\":\"ImageObject\",\"inLanguage\":\"it-IT\",\"@id\":\"https:\/\/poliambulatorioprivatomedico.com\/poli\/ortodonzia\/#primaryimage\",\"url\":\"https:\/\/poliambulatorioprivatomedico.com\/poli\/wp-content\/uploads\/2021\/04\/Immagine26-e1619791929299.jpg\",\"contentUrl\":\"https:\/\/poliambulatorioprivatomedico.com\/poli\/wp-content\/uploads\/2021\/04\/Immagine26-e1619791929299.jpg\",\"width\":351,\"height\":191,\"caption\":\"poliambulatorio privato medico finale emilia\"},{\"@type\":\"BreadcrumbList\",\"@id\":\"https:\/\/poliambulatorioprivatomedico.com\/poli\/ortodonzia\/#breadcrumb\",\"itemListElement\":[{\"@type\":\"ListItem\",\"position\":1,\"name\":\"Home\",\"item\":\"https:\/\/poliambulatorioprivatomedico.com\/poli\/\"},{\"@type\":\"ListItem\",\"position\":2,\"name\":\"ORTODONZIA\"}]},{\"@type\":\"WebSite\",\"@id\":\"https:\/\/poliambulatorioprivatomedico.com\/poli\/#website\",\"url\":\"https:\/\/poliambulatorioprivatomedico.com\/poli\/\",\"name\":\"Poliambulatorio Privato Medico Odontoiatrico S.r.l. | Via Frassoni,13\/1 - 41034 Finale Emilia (Mo) P.iva 01467380380 - C.C.I.A.A. LIC.SAN.10075 16 Iscr.Reg.Imprese MO-332935 Direttore Sanitario: Dottor Alberto Facchini\",\"description\":\"Uno di famiglia, per tutta la famiglia\",\"publisher\":{\"@id\":\"https:\/\/poliambulatorioprivatomedico.com\/poli\/#organization\"},\"potentialAction\":[{\"@type\":\"SearchAction\",\"target\":{\"@type\":\"EntryPoint\",\"urlTemplate\":\"https:\/\/poliambulatorioprivatomedico.com\/poli\/?s={search_term_string}\"},\"query-input\":{\"@type\":\"PropertyValueSpecification\",\"valueRequired\":true,\"valueName\":\"search_term_string\"}}],\"inLanguage\":\"it-IT\"},{\"@type\":\"Organization\",\"@id\":\"https:\/\/poliambulatorioprivatomedico.com\/poli\/#organization\",\"name\":\"Poliambulatorio Privato Medico Odontoiatrico S.r.l. | Via Frassoni,13\/1 - 41034 Finale Emilia (Mo) P.iva 01467380380 - C.C.I.A.A. LIC.SAN.10075 16 Iscr.Reg.Imprese MO-332935 Direttore Sanitario: Dottor Alberto Facchini\",\"url\":\"https:\/\/poliambulatorioprivatomedico.com\/poli\/\",\"logo\":{\"@type\":\"ImageObject\",\"inLanguage\":\"it-IT\",\"@id\":\"https:\/\/poliambulatorioprivatomedico.com\/poli\/#\/schema\/logo\/image\/\",\"url\":\"https:\/\/poliambulatorioprivatomedico.com\/poli\/wp-content\/uploads\/2021\/04\/logo-poli-bianco-sito.png\",\"contentUrl\":\"https:\/\/poliambulatorioprivatomedico.com\/poli\/wp-content\/uploads\/2021\/04\/logo-poli-bianco-sito.png\",\"width\":395,\"height\":84,\"caption\":\"Poliambulatorio Privato Medico Odontoiatrico S.r.l. | Via Frassoni,13\/1 - 41034 Finale Emilia (Mo) P.iva 01467380380 - C.C.I.A.A. LIC.SAN.10075 16 Iscr.Reg.Imprese MO-332935 Direttore Sanitario: Dottor Alberto Facchini\"},\"image\":{\"@id\":\"https:\/\/poliambulatorioprivatomedico.com\/poli\/#\/schema\/logo\/image\/\"}}]}<\/script>\n<!-- \/ Yoast SEO plugin. -->","yoast_head_json":{"title":"ORTODONZIA - Poliambulatorio Privato Medico Odontoiatrico S.r.l. | Via Frassoni,13\/1 - 41034 Finale Emilia (Mo) P.iva 01467380380 - C.C.I.A.A. LIC.SAN.10075 16 Iscr.Reg.Imprese MO-332935 Direttore Sanitario: Dottor Alberto Facchini","robots":{"index":"index","follow":"follow","max-snippet":"max-snippet:-1","max-image-preview":"max-image-preview:large","max-video-preview":"max-video-preview:-1"},"canonical":"https:\/\/poliambulatorioprivatomedico.com\/poli\/ortodonzia\/","og_locale":"it_IT","og_type":"article","og_title":"ORTODONZIA - Poliambulatorio Privato Medico Odontoiatrico S.r.l. | Via Frassoni,13\/1 - 41034 Finale Emilia (Mo) P.iva 01467380380 - C.C.I.A.A. LIC.SAN.10075 16 Iscr.Reg.Imprese MO-332935 Direttore Sanitario: Dottor Alberto Facchini","og_description":"ORTODONZIA Dopo aver curato la salute dei denti ci si dedica al loro Riallineamento e Funzionalit\u00e0: questo \u00e8 quello che fa il medico Ortodonzista, Il dottor Paolo Montella: tutto questo senza limite di et\u00e0 sia con le tradizionali tecniche di riallineamento fino ad arrivare alle nuove generazioni di allineatori trasparenti: il massimo del confort . [&hellip;]","og_url":"https:\/\/poliambulatorioprivatomedico.com\/poli\/ortodonzia\/","og_site_name":"Poliambulatorio Privato Medico Odontoiatrico S.r.l. | Via Frassoni,13\/1 - 41034 Finale Emilia (Mo) P.iva 01467380380 - C.C.I.A.A. LIC.SAN.10075 16 Iscr.Reg.Imprese MO-332935 Direttore Sanitario: Dottor Alberto Facchini","article_modified_time":"2021-05-01T14:29:37+00:00","og_image":[{"url":"https:\/\/poliambulatorioprivatomedico.com\/poli\/wp-content\/uploads\/2021\/04\/Immagine26-e1619791929299.jpg","type":"","width":"","height":""}],"twitter_card":"summary_large_image","twitter_misc":{"Tempo di lettura stimato":"3 minuti"},"schema":{"@context":"https:\/\/schema.org","@graph":[{"@type":"WebPage","@id":"https:\/\/poliambulatorioprivatomedico.com\/poli\/ortodonzia\/","url":"https:\/\/poliambulatorioprivatomedico.com\/poli\/ortodonzia\/","name":"ORTODONZIA - Poliambulatorio Privato Medico Odontoiatrico S.r.l. | Via Frassoni,13\/1 - 41034 Finale Emilia (Mo) P.iva 01467380380 - C.C.I.A.A. LIC.SAN.10075 16 Iscr.Reg.Imprese MO-332935 Direttore Sanitario: Dottor Alberto Facchini","isPartOf":{"@id":"https:\/\/poliambulatorioprivatomedico.com\/poli\/#website"},"primaryImageOfPage":{"@id":"https:\/\/poliambulatorioprivatomedico.com\/poli\/ortodonzia\/#primaryimage"},"image":{"@id":"https:\/\/poliambulatorioprivatomedico.com\/poli\/ortodonzia\/#primaryimage"},"thumbnailUrl":"https:\/\/poliambulatorioprivatomedico.com\/poli\/wp-content\/uploads\/2021\/04\/Immagine26-e1619791929299.jpg","datePublished":"2021-05-01T13:08:22+00:00","dateModified":"2021-05-01T14:29:37+00:00","breadcrumb":{"@id":"https:\/\/poliambulatorioprivatomedico.com\/poli\/ortodonzia\/#breadcrumb"},"inLanguage":"it-IT","potentialAction":[{"@type":"ReadAction","target":["https:\/\/poliambulatorioprivatomedico.com\/poli\/ortodonzia\/"]}]},{"@type":"ImageObject","inLanguage":"it-IT","@id":"https:\/\/poliambulatorioprivatomedico.com\/poli\/ortodonzia\/#primaryimage","url":"https:\/\/poliambulatorioprivatomedico.com\/poli\/wp-content\/uploads\/2021\/04\/Immagine26-e1619791929299.jpg","contentUrl":"https:\/\/poliambulatorioprivatomedico.com\/poli\/wp-content\/uploads\/2021\/04\/Immagine26-e1619791929299.jpg","width":351,"height":191,"caption":"poliambulatorio privato medico finale emilia"},{"@type":"BreadcrumbList","@id":"https:\/\/poliambulatorioprivatomedico.com\/poli\/ortodonzia\/#breadcrumb","itemListElement":[{"@type":"ListItem","position":1,"name":"Home","item":"https:\/\/poliambulatorioprivatomedico.com\/poli\/"},{"@type":"ListItem","position":2,"name":"ORTODONZIA"}]},{"@type":"WebSite","@id":"https:\/\/poliambulatorioprivatomedico.com\/poli\/#website","url":"https:\/\/poliambulatorioprivatomedico.com\/poli\/","name":"Poliambulatorio Privato Medico Odontoiatrico S.r.l. | Via Frassoni,13\/1 - 41034 Finale Emilia (Mo) P.iva 01467380380 - C.C.I.A.A. LIC.SAN.10075 16 Iscr.Reg.Imprese MO-332935 Direttore Sanitario: Dottor Alberto Facchini","description":"Uno di famiglia, per tutta la famiglia","publisher":{"@id":"https:\/\/poliambulatorioprivatomedico.com\/poli\/#organization"},"potentialAction":[{"@type":"SearchAction","target":{"@type":"EntryPoint","urlTemplate":"https:\/\/poliambulatorioprivatomedico.com\/poli\/?s={search_term_string}"},"query-input":{"@type":"PropertyValueSpecification","valueRequired":true,"valueName":"search_term_string"}}],"inLanguage":"it-IT"},{"@type":"Organization","@id":"https:\/\/poliambulatorioprivatomedico.com\/poli\/#organization","name":"Poliambulatorio Privato Medico Odontoiatrico S.r.l. | Via Frassoni,13\/1 - 41034 Finale Emilia (Mo) P.iva 01467380380 - C.C.I.A.A. LIC.SAN.10075 16 Iscr.Reg.Imprese MO-332935 Direttore Sanitario: Dottor Alberto Facchini","url":"https:\/\/poliambulatorioprivatomedico.com\/poli\/","logo":{"@type":"ImageObject","inLanguage":"it-IT","@id":"https:\/\/poliambulatorioprivatomedico.com\/poli\/#\/schema\/logo\/image\/","url":"https:\/\/poliambulatorioprivatomedico.com\/poli\/wp-content\/uploads\/2021\/04\/logo-poli-bianco-sito.png","contentUrl":"https:\/\/poliambulatorioprivatomedico.com\/poli\/wp-content\/uploads\/2021\/04\/logo-poli-bianco-sito.png","width":395,"height":84,"caption":"Poliambulatorio Privato Medico Odontoiatrico S.r.l. | Via Frassoni,13\/1 - 41034 Finale Emilia (Mo) P.iva 01467380380 - C.C.I.A.A. LIC.SAN.10075 16 Iscr.Reg.Imprese MO-332935 Direttore Sanitario: Dottor Alberto Facchini"},"image":{"@id":"https:\/\/poliambulatorioprivatomedico.com\/poli\/#\/schema\/logo\/image\/"}}]}},"_links":{"self":[{"href":"https:\/\/poliambulatorioprivatomedico.com\/poli\/wp-json\/wp\/v2\/pages\/1424","targetHints":{"allow":["GET"]}}],"collection":[{"href":"https:\/\/poliambulatorioprivatomedico.com\/poli\/wp-json\/wp\/v2\/pages"}],"about":[{"href":"https:\/\/poliambulatorioprivatomedico.com\/poli\/wp-json\/wp\/v2\/types\/page"}],"author":[{"embeddable":true,"href":"https:\/\/poliambulatorioprivatomedico.com\/poli\/wp-json\/wp\/v2\/users\/1"}],"replies":[{"embeddable":true,"href":"https:\/\/poliambulatorioprivatomedico.com\/poli\/wp-json\/wp\/v2\/comments?post=1424"}],"version-history":[{"count":4,"href":"https:\/\/poliambulatorioprivatomedico.com\/poli\/wp-json\/wp\/v2\/pages\/1424\/revisions"}],"predecessor-version":[{"id":1534,"href":"https:\/\/poliambulatorioprivatomedico.com\/poli\/wp-json\/wp\/v2\/pages\/1424\/revisions\/1534"}],"wp:attachment":[{"href":"https:\/\/poliambulatorioprivatomedico.com\/poli\/wp-json\/wp\/v2\/media?parent=1424"}],"curies":[{"name":"wp","href":"https:\/\/api.w.org\/{rel}","templated":true}]}}