{"id":1420,"date":"2021-05-01T13:07:13","date_gmt":"2021-05-01T13:07:13","guid":{"rendered":"https:\/\/poliambulatorioprivatomedico.com\/poli\/?page_id=1420"},"modified":"2021-05-01T14:15:24","modified_gmt":"2021-05-01T14:15:24","slug":"protesi","status":"publish","type":"page","link":"https:\/\/poliambulatorioprivatomedico.com\/poli\/protesi\/","title":{"rendered":"PROTESI"},"content":{"rendered":"\n<h2 class=\"has-colibri-color-6-color has-text-color wp-block-heading\">PROTESI<\/h2>\n\n\n\n<p class=\"has-colibri-color-6-color has-text-color\"><strong>La Protesi affidata al nostro capo protesista Marco dove da una singola corona si passa ad un ponte a 3 elementi fino ad arrivare all\u2019intera arcata tutto questo con tecnologie di ultima generazione<\/strong>: vi sono oggi <em>materiali ormai privi di metallo, <\/em>tecniche <strong>cad, cam, 3d<\/strong> che ripristinano la funzionalit\u00e0 di un elemento e soprattutto rispettano la estetica e naturalit\u00e0 di un dente perch\u00e9 il dente manufatto deve non vedersi all\u2019interno della bocca tutto questo quindi senza mai dimenticare l\u2019artigianalit\u00e0 e la manualit\u00e0 di questa Professione.<\/p>\n\n\n\n<div class=\"wp-block-image is-style-rounded\"><figure class=\"aligncenter size-large is-resized\"><img loading=\"lazy\" decoding=\"async\" src=\"https:\/\/poliambulatorioprivatomedico.com\/poli\/wp-content\/uploads\/2021\/04\/cropped-BN-POLI-4-1024x1024.png\" alt=\"\" class=\"wp-image-182\" width=\"310\" height=\"310\" srcset=\"https:\/\/poliambulatorioprivatomedico.com\/poli\/wp-content\/uploads\/2021\/04\/cropped-BN-POLI-4-1024x1024.png 1024w, https:\/\/poliambulatorioprivatomedico.com\/poli\/wp-content\/uploads\/2021\/04\/cropped-BN-POLI-4-300x300.png 300w, https:\/\/poliambulatorioprivatomedico.com\/poli\/wp-content\/uploads\/2021\/04\/cropped-BN-POLI-4-150x150.png 150w, https:\/\/poliambulatorioprivatomedico.com\/poli\/wp-content\/uploads\/2021\/04\/cropped-BN-POLI-4-768x769.png 768w, https:\/\/poliambulatorioprivatomedico.com\/poli\/wp-content\/uploads\/2021\/04\/cropped-BN-POLI-4-640x640.png 640w, https:\/\/poliambulatorioprivatomedico.com\/poli\/wp-content\/uploads\/2021\/04\/cropped-BN-POLI-4-50x50.png 50w, https:\/\/poliambulatorioprivatomedico.com\/poli\/wp-content\/uploads\/2021\/04\/cropped-BN-POLI-4.png 1197w\" sizes=\"auto, (max-width: 310px) 100vw, 310px\" \/><\/figure><\/div>\n\n\n\n<p class=\"has-colibri-color-6-color has-text-color\">L\u2019odontotecnico, \u00e8 <strong>colui che costruisce la protesi dentaria <\/strong>che il medico dentista vi inserir\u00e0 in bocca. All\u2019odontotecnico spetta la progettazione tecnica e la realizzazione della protesi che deve essere conforme alla prescrizione del medico dentista. <\/p>\n\n\n\n<figure class=\"wp-block-gallery columns-3 is-cropped wp-block-gallery-1 is-layout-flex wp-block-gallery-is-layout-flex\"><ul class=\"blocks-gallery-grid\"><li class=\"blocks-gallery-item\"><figure><a href=\"https:\/\/poliambulatorioprivatomedico.com\/poli\/wp-content\/uploads\/2021\/05\/Immagine1.jpg\"><img loading=\"lazy\" decoding=\"async\" width=\"1024\" height=\"701\" src=\"https:\/\/poliambulatorioprivatomedico.com\/poli\/wp-content\/uploads\/2021\/05\/Immagine1-1024x701.jpg\" alt=\"\" data-id=\"1515\" data-full-url=\"https:\/\/poliambulatorioprivatomedico.com\/poli\/wp-content\/uploads\/2021\/05\/Immagine1.jpg\" data-link=\"https:\/\/poliambulatorioprivatomedico.com\/poli\/?attachment_id=1515\" class=\"wp-image-1515\" srcset=\"https:\/\/poliambulatorioprivatomedico.com\/poli\/wp-content\/uploads\/2021\/05\/Immagine1-1024x701.jpg 1024w, https:\/\/poliambulatorioprivatomedico.com\/poli\/wp-content\/uploads\/2021\/05\/Immagine1-300x205.jpg 300w, https:\/\/poliambulatorioprivatomedico.com\/poli\/wp-content\/uploads\/2021\/05\/Immagine1-768x526.jpg 768w, https:\/\/poliambulatorioprivatomedico.com\/poli\/wp-content\/uploads\/2021\/05\/Immagine1.jpg 1094w\" sizes=\"auto, (max-width: 1024px) 100vw, 1024px\" \/><\/a><\/figure><\/li><li class=\"blocks-gallery-item\"><figure><a href=\"https:\/\/poliambulatorioprivatomedico.com\/poli\/wp-content\/uploads\/2021\/05\/Immagine2.jpg\"><img loading=\"lazy\" decoding=\"async\" width=\"1024\" height=\"681\" src=\"https:\/\/poliambulatorioprivatomedico.com\/poli\/wp-content\/uploads\/2021\/05\/Immagine2-1024x681.jpg\" alt=\"\" data-id=\"1516\" data-full-url=\"https:\/\/poliambulatorioprivatomedico.com\/poli\/wp-content\/uploads\/2021\/05\/Immagine2.jpg\" data-link=\"https:\/\/poliambulatorioprivatomedico.com\/poli\/?attachment_id=1516\" class=\"wp-image-1516\" srcset=\"https:\/\/poliambulatorioprivatomedico.com\/poli\/wp-content\/uploads\/2021\/05\/Immagine2-1024x681.jpg 1024w, https:\/\/poliambulatorioprivatomedico.com\/poli\/wp-content\/uploads\/2021\/05\/Immagine2-300x200.jpg 300w, https:\/\/poliambulatorioprivatomedico.com\/poli\/wp-content\/uploads\/2021\/05\/Immagine2-768x511.jpg 768w, https:\/\/poliambulatorioprivatomedico.com\/poli\/wp-content\/uploads\/2021\/05\/Immagine2.jpg 1126w\" sizes=\"auto, (max-width: 1024px) 100vw, 1024px\" \/><\/a><\/figure><\/li><li class=\"blocks-gallery-item\"><figure><a href=\"https:\/\/poliambulatorioprivatomedico.com\/poli\/wp-content\/uploads\/2021\/05\/Immagine3.jpg\"><img loading=\"lazy\" decoding=\"async\" width=\"247\" height=\"180\" src=\"https:\/\/poliambulatorioprivatomedico.com\/poli\/wp-content\/uploads\/2021\/05\/Immagine3.jpg\" alt=\"\" data-id=\"1517\" data-full-url=\"https:\/\/poliambulatorioprivatomedico.com\/poli\/wp-content\/uploads\/2021\/05\/Immagine3.jpg\" data-link=\"https:\/\/poliambulatorioprivatomedico.com\/poli\/?attachment_id=1517\" class=\"wp-image-1517\"\/><\/a><\/figure><\/li><li class=\"blocks-gallery-item\"><figure><a href=\"https:\/\/poliambulatorioprivatomedico.com\/poli\/wp-content\/uploads\/2021\/05\/Immagine4.jpg\"><img loading=\"lazy\" decoding=\"async\" width=\"238\" height=\"182\" src=\"https:\/\/poliambulatorioprivatomedico.com\/poli\/wp-content\/uploads\/2021\/05\/Immagine4.jpg\" alt=\"\" data-id=\"1518\" data-full-url=\"https:\/\/poliambulatorioprivatomedico.com\/poli\/wp-content\/uploads\/2021\/05\/Immagine4.jpg\" data-link=\"https:\/\/poliambulatorioprivatomedico.com\/poli\/?attachment_id=1518\" class=\"wp-image-1518\"\/><\/a><\/figure><\/li><li class=\"blocks-gallery-item\"><figure><a href=\"https:\/\/poliambulatorioprivatomedico.com\/poli\/wp-content\/uploads\/2021\/05\/Immagine5.jpg\"><img loading=\"lazy\" decoding=\"async\" width=\"1024\" height=\"681\" src=\"https:\/\/poliambulatorioprivatomedico.com\/poli\/wp-content\/uploads\/2021\/05\/Immagine5-1024x681.jpg\" alt=\"\" data-id=\"1519\" data-full-url=\"https:\/\/poliambulatorioprivatomedico.com\/poli\/wp-content\/uploads\/2021\/05\/Immagine5.jpg\" data-link=\"https:\/\/poliambulatorioprivatomedico.com\/poli\/?attachment_id=1519\" class=\"wp-image-1519\" srcset=\"https:\/\/poliambulatorioprivatomedico.com\/poli\/wp-content\/uploads\/2021\/05\/Immagine5-1024x681.jpg 1024w, https:\/\/poliambulatorioprivatomedico.com\/poli\/wp-content\/uploads\/2021\/05\/Immagine5-300x200.jpg 300w, https:\/\/poliambulatorioprivatomedico.com\/poli\/wp-content\/uploads\/2021\/05\/Immagine5-768x511.jpg 768w, https:\/\/poliambulatorioprivatomedico.com\/poli\/wp-content\/uploads\/2021\/05\/Immagine5.jpg 1231w\" sizes=\"auto, (max-width: 1024px) 100vw, 1024px\" \/><\/a><\/figure><\/li><li class=\"blocks-gallery-item\"><figure><a href=\"https:\/\/poliambulatorioprivatomedico.com\/poli\/wp-content\/uploads\/2021\/05\/Immagine6.jpg\"><img loading=\"lazy\" decoding=\"async\" width=\"947\" height=\"545\" src=\"https:\/\/poliambulatorioprivatomedico.com\/poli\/wp-content\/uploads\/2021\/05\/Immagine6.jpg\" alt=\"\" data-id=\"1520\" data-full-url=\"https:\/\/poliambulatorioprivatomedico.com\/poli\/wp-content\/uploads\/2021\/05\/Immagine6.jpg\" data-link=\"https:\/\/poliambulatorioprivatomedico.com\/poli\/?attachment_id=1520\" class=\"wp-image-1520\" srcset=\"https:\/\/poliambulatorioprivatomedico.com\/poli\/wp-content\/uploads\/2021\/05\/Immagine6.jpg 947w, https:\/\/poliambulatorioprivatomedico.com\/poli\/wp-content\/uploads\/2021\/05\/Immagine6-300x173.jpg 300w, https:\/\/poliambulatorioprivatomedico.com\/poli\/wp-content\/uploads\/2021\/05\/Immagine6-768x442.jpg 768w\" sizes=\"auto, (max-width: 947px) 100vw, 947px\" \/><\/a><\/figure><\/li><\/ul><\/figure>\n\n\n\n<div class=\"wp-block-image\"><figure class=\"aligncenter size-large\"><img loading=\"lazy\" decoding=\"async\" width=\"966\" height=\"142\" src=\"https:\/\/poliambulatorioprivatomedico.com\/poli\/wp-content\/uploads\/2021\/05\/separatore.png\" alt=\"\" class=\"wp-image-1376\" srcset=\"https:\/\/poliambulatorioprivatomedico.com\/poli\/wp-content\/uploads\/2021\/05\/separatore.png 966w, https:\/\/poliambulatorioprivatomedico.com\/poli\/wp-content\/uploads\/2021\/05\/separatore-300x44.png 300w, https:\/\/poliambulatorioprivatomedico.com\/poli\/wp-content\/uploads\/2021\/05\/separatore-768x113.png 768w\" sizes=\"auto, (max-width: 966px) 100vw, 966px\" \/><\/figure><\/div>\n","protected":false},"excerpt":{"rendered":"<p>PROTESI La Protesi affidata al nostro capo protesista Marco dove da una singola corona si passa ad un ponte a 3 elementi fino ad arrivare all\u2019intera arcata tutto questo con tecnologie di ultima generazione: vi sono oggi materiali ormai privi di metallo, tecniche cad, cam, 3d che ripristinano la funzionalit\u00e0 di un elemento e soprattutto [&hellip;]<\/p>\n","protected":false},"author":1,"featured_media":0,"parent":0,"menu_order":0,"comment_status":"closed","ping_status":"closed","template":"","meta":{"footnotes":""},"class_list":["post-1420","page","type-page","status-publish","hentry"],"yoast_head":"<!-- This site is optimized with the Yoast SEO plugin v26.4 - https:\/\/yoast.com\/wordpress\/plugins\/seo\/ -->\n<title>PROTESI - Poliambulatorio Privato Medico Odontoiatrico S.r.l. | Via Frassoni,13\/1 - 41034 Finale Emilia (Mo) P.iva 01467380380 - C.C.I.A.A. LIC.SAN.10075 16 Iscr.Reg.Imprese MO-332935 Direttore Sanitario: Dottor Alberto Facchini<\/title>\n<meta name=\"robots\" content=\"index, follow, max-snippet:-1, max-image-preview:large, max-video-preview:-1\" \/>\n<link rel=\"canonical\" href=\"https:\/\/poliambulatorioprivatomedico.com\/poli\/protesi\/\" \/>\n<meta property=\"og:locale\" content=\"it_IT\" \/>\n<meta property=\"og:type\" content=\"article\" \/>\n<meta property=\"og:title\" content=\"PROTESI - Poliambulatorio Privato Medico Odontoiatrico S.r.l. | Via Frassoni,13\/1 - 41034 Finale Emilia (Mo) P.iva 01467380380 - C.C.I.A.A. LIC.SAN.10075 16 Iscr.Reg.Imprese MO-332935 Direttore Sanitario: Dottor Alberto Facchini\" \/>\n<meta property=\"og:description\" content=\"PROTESI La Protesi affidata al nostro capo protesista Marco dove da una singola corona si passa ad un ponte a 3 elementi fino ad arrivare all\u2019intera arcata tutto questo con tecnologie di ultima generazione: vi sono oggi materiali ormai privi di metallo, tecniche cad, cam, 3d che ripristinano la funzionalit\u00e0 di un elemento e soprattutto [&hellip;]\" \/>\n<meta property=\"og:url\" content=\"https:\/\/poliambulatorioprivatomedico.com\/poli\/protesi\/\" \/>\n<meta property=\"og:site_name\" content=\"Poliambulatorio Privato Medico Odontoiatrico S.r.l. | Via Frassoni,13\/1 - 41034 Finale Emilia (Mo) P.iva 01467380380 - C.C.I.A.A. LIC.SAN.10075 16 Iscr.Reg.Imprese MO-332935 Direttore Sanitario: Dottor Alberto Facchini\" \/>\n<meta property=\"article:modified_time\" content=\"2021-05-01T14:15:24+00:00\" \/>\n<meta property=\"og:image\" content=\"https:\/\/poliambulatorioprivatomedico.com\/poli\/wp-content\/uploads\/2021\/04\/cropped-BN-POLI-4-1024x1024.png\" \/>\n<meta name=\"twitter:card\" content=\"summary_large_image\" \/>\n<meta name=\"twitter:label1\" content=\"Tempo di lettura stimato\" \/>\n\t<meta name=\"twitter:data1\" content=\"3 minuti\" \/>\n<script type=\"application\/ld+json\" class=\"yoast-schema-graph\">{\"@context\":\"https:\/\/schema.org\",\"@graph\":[{\"@type\":\"WebPage\",\"@id\":\"https:\/\/poliambulatorioprivatomedico.com\/poli\/protesi\/\",\"url\":\"https:\/\/poliambulatorioprivatomedico.com\/poli\/protesi\/\",\"name\":\"PROTESI - Poliambulatorio Privato Medico Odontoiatrico S.r.l. | Via Frassoni,13\/1 - 41034 Finale Emilia (Mo) P.iva 01467380380 - C.C.I.A.A. LIC.SAN.10075 16 Iscr.Reg.Imprese MO-332935 Direttore Sanitario: Dottor Alberto Facchini\",\"isPartOf\":{\"@id\":\"https:\/\/poliambulatorioprivatomedico.com\/poli\/#website\"},\"primaryImageOfPage\":{\"@id\":\"https:\/\/poliambulatorioprivatomedico.com\/poli\/protesi\/#primaryimage\"},\"image\":{\"@id\":\"https:\/\/poliambulatorioprivatomedico.com\/poli\/protesi\/#primaryimage\"},\"thumbnailUrl\":\"https:\/\/poliambulatorioprivatomedico.com\/poli\/wp-content\/uploads\/2021\/04\/cropped-BN-POLI-4-1024x1024.png\",\"datePublished\":\"2021-05-01T13:07:13+00:00\",\"dateModified\":\"2021-05-01T14:15:24+00:00\",\"breadcrumb\":{\"@id\":\"https:\/\/poliambulatorioprivatomedico.com\/poli\/protesi\/#breadcrumb\"},\"inLanguage\":\"it-IT\",\"potentialAction\":[{\"@type\":\"ReadAction\",\"target\":[\"https:\/\/poliambulatorioprivatomedico.com\/poli\/protesi\/\"]}]},{\"@type\":\"ImageObject\",\"inLanguage\":\"it-IT\",\"@id\":\"https:\/\/poliambulatorioprivatomedico.com\/poli\/protesi\/#primaryimage\",\"url\":\"https:\/\/poliambulatorioprivatomedico.com\/poli\/wp-content\/uploads\/2021\/04\/cropped-BN-POLI-4.png\",\"contentUrl\":\"https:\/\/poliambulatorioprivatomedico.com\/poli\/wp-content\/uploads\/2021\/04\/cropped-BN-POLI-4.png\",\"width\":1197,\"height\":1198,\"caption\":\"Lo staff al POLIAMBULATORIO PRIVATO MEDICO ODONTOIATRICO FINALE EMILIA\"},{\"@type\":\"BreadcrumbList\",\"@id\":\"https:\/\/poliambulatorioprivatomedico.com\/poli\/protesi\/#breadcrumb\",\"itemListElement\":[{\"@type\":\"ListItem\",\"position\":1,\"name\":\"Home\",\"item\":\"https:\/\/poliambulatorioprivatomedico.com\/poli\/\"},{\"@type\":\"ListItem\",\"position\":2,\"name\":\"PROTESI\"}]},{\"@type\":\"WebSite\",\"@id\":\"https:\/\/poliambulatorioprivatomedico.com\/poli\/#website\",\"url\":\"https:\/\/poliambulatorioprivatomedico.com\/poli\/\",\"name\":\"Poliambulatorio Privato Medico Odontoiatrico S.r.l. | Via Frassoni,13\/1 - 41034 Finale Emilia (Mo) P.iva 01467380380 - C.C.I.A.A. LIC.SAN.10075 16 Iscr.Reg.Imprese MO-332935 Direttore Sanitario: Dottor Alberto Facchini\",\"description\":\"Uno di famiglia, per tutta la famiglia\",\"publisher\":{\"@id\":\"https:\/\/poliambulatorioprivatomedico.com\/poli\/#organization\"},\"potentialAction\":[{\"@type\":\"SearchAction\",\"target\":{\"@type\":\"EntryPoint\",\"urlTemplate\":\"https:\/\/poliambulatorioprivatomedico.com\/poli\/?s={search_term_string}\"},\"query-input\":{\"@type\":\"PropertyValueSpecification\",\"valueRequired\":true,\"valueName\":\"search_term_string\"}}],\"inLanguage\":\"it-IT\"},{\"@type\":\"Organization\",\"@id\":\"https:\/\/poliambulatorioprivatomedico.com\/poli\/#organization\",\"name\":\"Poliambulatorio Privato Medico Odontoiatrico S.r.l. | Via Frassoni,13\/1 - 41034 Finale Emilia (Mo) P.iva 01467380380 - C.C.I.A.A. LIC.SAN.10075 16 Iscr.Reg.Imprese MO-332935 Direttore Sanitario: Dottor Alberto Facchini\",\"url\":\"https:\/\/poliambulatorioprivatomedico.com\/poli\/\",\"logo\":{\"@type\":\"ImageObject\",\"inLanguage\":\"it-IT\",\"@id\":\"https:\/\/poliambulatorioprivatomedico.com\/poli\/#\/schema\/logo\/image\/\",\"url\":\"https:\/\/poliambulatorioprivatomedico.com\/poli\/wp-content\/uploads\/2021\/04\/logo-poli-bianco-sito.png\",\"contentUrl\":\"https:\/\/poliambulatorioprivatomedico.com\/poli\/wp-content\/uploads\/2021\/04\/logo-poli-bianco-sito.png\",\"width\":395,\"height\":84,\"caption\":\"Poliambulatorio Privato Medico Odontoiatrico S.r.l. | Via Frassoni,13\/1 - 41034 Finale Emilia (Mo) P.iva 01467380380 - C.C.I.A.A. LIC.SAN.10075 16 Iscr.Reg.Imprese MO-332935 Direttore Sanitario: Dottor Alberto Facchini\"},\"image\":{\"@id\":\"https:\/\/poliambulatorioprivatomedico.com\/poli\/#\/schema\/logo\/image\/\"}}]}<\/script>\n<!-- \/ Yoast SEO plugin. -->","yoast_head_json":{"title":"PROTESI - Poliambulatorio Privato Medico Odontoiatrico S.r.l. | Via Frassoni,13\/1 - 41034 Finale Emilia (Mo) P.iva 01467380380 - C.C.I.A.A. LIC.SAN.10075 16 Iscr.Reg.Imprese MO-332935 Direttore Sanitario: Dottor Alberto Facchini","robots":{"index":"index","follow":"follow","max-snippet":"max-snippet:-1","max-image-preview":"max-image-preview:large","max-video-preview":"max-video-preview:-1"},"canonical":"https:\/\/poliambulatorioprivatomedico.com\/poli\/protesi\/","og_locale":"it_IT","og_type":"article","og_title":"PROTESI - Poliambulatorio Privato Medico Odontoiatrico S.r.l. | Via Frassoni,13\/1 - 41034 Finale Emilia (Mo) P.iva 01467380380 - C.C.I.A.A. LIC.SAN.10075 16 Iscr.Reg.Imprese MO-332935 Direttore Sanitario: Dottor Alberto Facchini","og_description":"PROTESI La Protesi affidata al nostro capo protesista Marco dove da una singola corona si passa ad un ponte a 3 elementi fino ad arrivare all\u2019intera arcata tutto questo con tecnologie di ultima generazione: vi sono oggi materiali ormai privi di metallo, tecniche cad, cam, 3d che ripristinano la funzionalit\u00e0 di un elemento e soprattutto [&hellip;]","og_url":"https:\/\/poliambulatorioprivatomedico.com\/poli\/protesi\/","og_site_name":"Poliambulatorio Privato Medico Odontoiatrico S.r.l. | Via Frassoni,13\/1 - 41034 Finale Emilia (Mo) P.iva 01467380380 - C.C.I.A.A. LIC.SAN.10075 16 Iscr.Reg.Imprese MO-332935 Direttore Sanitario: Dottor Alberto Facchini","article_modified_time":"2021-05-01T14:15:24+00:00","og_image":[{"url":"https:\/\/poliambulatorioprivatomedico.com\/poli\/wp-content\/uploads\/2021\/04\/cropped-BN-POLI-4-1024x1024.png","type":"","width":"","height":""}],"twitter_card":"summary_large_image","twitter_misc":{"Tempo di lettura stimato":"3 minuti"},"schema":{"@context":"https:\/\/schema.org","@graph":[{"@type":"WebPage","@id":"https:\/\/poliambulatorioprivatomedico.com\/poli\/protesi\/","url":"https:\/\/poliambulatorioprivatomedico.com\/poli\/protesi\/","name":"PROTESI - Poliambulatorio Privato Medico Odontoiatrico S.r.l. | Via Frassoni,13\/1 - 41034 Finale Emilia (Mo) P.iva 01467380380 - C.C.I.A.A. LIC.SAN.10075 16 Iscr.Reg.Imprese MO-332935 Direttore Sanitario: Dottor Alberto Facchini","isPartOf":{"@id":"https:\/\/poliambulatorioprivatomedico.com\/poli\/#website"},"primaryImageOfPage":{"@id":"https:\/\/poliambulatorioprivatomedico.com\/poli\/protesi\/#primaryimage"},"image":{"@id":"https:\/\/poliambulatorioprivatomedico.com\/poli\/protesi\/#primaryimage"},"thumbnailUrl":"https:\/\/poliambulatorioprivatomedico.com\/poli\/wp-content\/uploads\/2021\/04\/cropped-BN-POLI-4-1024x1024.png","datePublished":"2021-05-01T13:07:13+00:00","dateModified":"2021-05-01T14:15:24+00:00","breadcrumb":{"@id":"https:\/\/poliambulatorioprivatomedico.com\/poli\/protesi\/#breadcrumb"},"inLanguage":"it-IT","potentialAction":[{"@type":"ReadAction","target":["https:\/\/poliambulatorioprivatomedico.com\/poli\/protesi\/"]}]},{"@type":"ImageObject","inLanguage":"it-IT","@id":"https:\/\/poliambulatorioprivatomedico.com\/poli\/protesi\/#primaryimage","url":"https:\/\/poliambulatorioprivatomedico.com\/poli\/wp-content\/uploads\/2021\/04\/cropped-BN-POLI-4.png","contentUrl":"https:\/\/poliambulatorioprivatomedico.com\/poli\/wp-content\/uploads\/2021\/04\/cropped-BN-POLI-4.png","width":1197,"height":1198,"caption":"Lo staff al POLIAMBULATORIO PRIVATO MEDICO ODONTOIATRICO FINALE EMILIA"},{"@type":"BreadcrumbList","@id":"https:\/\/poliambulatorioprivatomedico.com\/poli\/protesi\/#breadcrumb","itemListElement":[{"@type":"ListItem","position":1,"name":"Home","item":"https:\/\/poliambulatorioprivatomedico.com\/poli\/"},{"@type":"ListItem","position":2,"name":"PROTESI"}]},{"@type":"WebSite","@id":"https:\/\/poliambulatorioprivatomedico.com\/poli\/#website","url":"https:\/\/poliambulatorioprivatomedico.com\/poli\/","name":"Poliambulatorio Privato Medico Odontoiatrico S.r.l. | Via Frassoni,13\/1 - 41034 Finale Emilia (Mo) P.iva 01467380380 - C.C.I.A.A. LIC.SAN.10075 16 Iscr.Reg.Imprese MO-332935 Direttore Sanitario: Dottor Alberto Facchini","description":"Uno di famiglia, per tutta la famiglia","publisher":{"@id":"https:\/\/poliambulatorioprivatomedico.com\/poli\/#organization"},"potentialAction":[{"@type":"SearchAction","target":{"@type":"EntryPoint","urlTemplate":"https:\/\/poliambulatorioprivatomedico.com\/poli\/?s={search_term_string}"},"query-input":{"@type":"PropertyValueSpecification","valueRequired":true,"valueName":"search_term_string"}}],"inLanguage":"it-IT"},{"@type":"Organization","@id":"https:\/\/poliambulatorioprivatomedico.com\/poli\/#organization","name":"Poliambulatorio Privato Medico Odontoiatrico S.r.l. | Via Frassoni,13\/1 - 41034 Finale Emilia (Mo) P.iva 01467380380 - C.C.I.A.A. LIC.SAN.10075 16 Iscr.Reg.Imprese MO-332935 Direttore Sanitario: Dottor Alberto Facchini","url":"https:\/\/poliambulatorioprivatomedico.com\/poli\/","logo":{"@type":"ImageObject","inLanguage":"it-IT","@id":"https:\/\/poliambulatorioprivatomedico.com\/poli\/#\/schema\/logo\/image\/","url":"https:\/\/poliambulatorioprivatomedico.com\/poli\/wp-content\/uploads\/2021\/04\/logo-poli-bianco-sito.png","contentUrl":"https:\/\/poliambulatorioprivatomedico.com\/poli\/wp-content\/uploads\/2021\/04\/logo-poli-bianco-sito.png","width":395,"height":84,"caption":"Poliambulatorio Privato Medico Odontoiatrico S.r.l. | Via Frassoni,13\/1 - 41034 Finale Emilia (Mo) P.iva 01467380380 - C.C.I.A.A. LIC.SAN.10075 16 Iscr.Reg.Imprese MO-332935 Direttore Sanitario: Dottor Alberto Facchini"},"image":{"@id":"https:\/\/poliambulatorioprivatomedico.com\/poli\/#\/schema\/logo\/image\/"}}]}},"_links":{"self":[{"href":"https:\/\/poliambulatorioprivatomedico.com\/poli\/wp-json\/wp\/v2\/pages\/1420","targetHints":{"allow":["GET"]}}],"collection":[{"href":"https:\/\/poliambulatorioprivatomedico.com\/poli\/wp-json\/wp\/v2\/pages"}],"about":[{"href":"https:\/\/poliambulatorioprivatomedico.com\/poli\/wp-json\/wp\/v2\/types\/page"}],"author":[{"embeddable":true,"href":"https:\/\/poliambulatorioprivatomedico.com\/poli\/wp-json\/wp\/v2\/users\/1"}],"replies":[{"embeddable":true,"href":"https:\/\/poliambulatorioprivatomedico.com\/poli\/wp-json\/wp\/v2\/comments?post=1420"}],"version-history":[{"count":4,"href":"https:\/\/poliambulatorioprivatomedico.com\/poli\/wp-json\/wp\/v2\/pages\/1420\/revisions"}],"predecessor-version":[{"id":1521,"href":"https:\/\/poliambulatorioprivatomedico.com\/poli\/wp-json\/wp\/v2\/pages\/1420\/revisions\/1521"}],"wp:attachment":[{"href":"https:\/\/poliambulatorioprivatomedico.com\/poli\/wp-json\/wp\/v2\/media?parent=1420"}],"curies":[{"name":"wp","href":"https:\/\/api.w.org\/{rel}","templated":true}]}}