{"id":1342,"date":"2021-05-01T06:15:44","date_gmt":"2021-05-01T06:15:44","guid":{"rendered":"https:\/\/poliambulatorioprivatomedico.com\/poli\/?page_id=1342"},"modified":"2021-05-01T12:56:06","modified_gmt":"2021-05-01T12:56:06","slug":"igiene-orale","status":"publish","type":"page","link":"https:\/\/poliambulatorioprivatomedico.com\/poli\/igiene-orale\/","title":{"rendered":"IGIENE ORALE"},"content":{"rendered":"\n<h2 class=\"wp-block-heading\">IGIENE ORALE<\/h2>\n\n\n\n<p class=\"has-colibri-color-6-color has-text-color\"><strong>IGIENE Orale o<em> detartrasi o ablazione<\/em> tartaro sono questi diversi modi di definire la base del ns studio sia per i pazienti pi\u00f9 piccoli sia per i pazienti adulti.<\/strong> <br><br><em>La seduta di igiene prevede anche e non solo per i pi\u00f9 piccoli, istruzione e motivazione questo perch\u00e9 a volte a casa l\u2019igiene orale viene eseguita in maniera sbagliata si cerca quindi di correggere dove necessario le abitudini del paziente<\/em> in modo da migliorare e rendere efficace il suo lavoro a casa importante come quello in studio che deve essere fatto circa ogni 6 mesi a volte anche 8 &#8211; 12 mesi per pazienti particolarmente diligenti.<\/p>\n\n\n\n<figure class=\"wp-block-gallery columns-3 is-cropped wp-block-gallery-1 is-layout-flex wp-block-gallery-is-layout-flex\"><ul class=\"blocks-gallery-grid\"><li class=\"blocks-gallery-item\"><figure><img loading=\"lazy\" decoding=\"async\" width=\"950\" height=\"545\" src=\"https:\/\/poliambulatorioprivatomedico.com\/poli\/wp-content\/uploads\/2021\/05\/igiene-orale-spazzolino-950x545-1.jpg\" alt=\"\" data-id=\"1403\" data-full-url=\"https:\/\/poliambulatorioprivatomedico.com\/poli\/wp-content\/uploads\/2021\/05\/igiene-orale-spazzolino-950x545-1.jpg\" data-link=\"https:\/\/poliambulatorioprivatomedico.com\/poli\/?attachment_id=1403\" class=\"wp-image-1403\" srcset=\"https:\/\/poliambulatorioprivatomedico.com\/poli\/wp-content\/uploads\/2021\/05\/igiene-orale-spazzolino-950x545-1.jpg 950w, https:\/\/poliambulatorioprivatomedico.com\/poli\/wp-content\/uploads\/2021\/05\/igiene-orale-spazzolino-950x545-1-300x172.jpg 300w, https:\/\/poliambulatorioprivatomedico.com\/poli\/wp-content\/uploads\/2021\/05\/igiene-orale-spazzolino-950x545-1-768x441.jpg 768w\" sizes=\"auto, (max-width: 950px) 100vw, 950px\" \/><\/figure><\/li><li class=\"blocks-gallery-item\"><figure><img loading=\"lazy\" decoding=\"async\" width=\"793\" height=\"433\" src=\"https:\/\/poliambulatorioprivatomedico.com\/poli\/wp-content\/uploads\/2021\/05\/scarsa-igiene-orale.jpg\" alt=\"\" data-id=\"1404\" data-full-url=\"https:\/\/poliambulatorioprivatomedico.com\/poli\/wp-content\/uploads\/2021\/05\/scarsa-igiene-orale.jpg\" data-link=\"https:\/\/poliambulatorioprivatomedico.com\/poli\/?attachment_id=1404\" class=\"wp-image-1404\" srcset=\"https:\/\/poliambulatorioprivatomedico.com\/poli\/wp-content\/uploads\/2021\/05\/scarsa-igiene-orale.jpg 793w, https:\/\/poliambulatorioprivatomedico.com\/poli\/wp-content\/uploads\/2021\/05\/scarsa-igiene-orale-300x164.jpg 300w, https:\/\/poliambulatorioprivatomedico.com\/poli\/wp-content\/uploads\/2021\/05\/scarsa-igiene-orale-768x419.jpg 768w\" sizes=\"auto, (max-width: 793px) 100vw, 793px\" \/><\/figure><\/li><li class=\"blocks-gallery-item\"><figure><img loading=\"lazy\" decoding=\"async\" width=\"512\" height=\"384\" src=\"https:\/\/poliambulatorioprivatomedico.com\/poli\/wp-content\/uploads\/2021\/05\/unnamed-1.jpg\" alt=\"\" data-id=\"1405\" data-full-url=\"https:\/\/poliambulatorioprivatomedico.com\/poli\/wp-content\/uploads\/2021\/05\/unnamed-1.jpg\" data-link=\"https:\/\/poliambulatorioprivatomedico.com\/poli\/?attachment_id=1405\" class=\"wp-image-1405\" srcset=\"https:\/\/poliambulatorioprivatomedico.com\/poli\/wp-content\/uploads\/2021\/05\/unnamed-1.jpg 512w, https:\/\/poliambulatorioprivatomedico.com\/poli\/wp-content\/uploads\/2021\/05\/unnamed-1-300x225.jpg 300w\" sizes=\"auto, (max-width: 512px) 100vw, 512px\" \/><figcaption class=\"blocks-gallery-item__caption\"><br><\/figcaption><\/figure><\/li><\/ul><\/figure>\n\n\n\n<p class=\"has-colibri-color-6-color has-text-color\">Una corretta\u00a0<strong>igiene orale<\/strong>: la migliore medicina per la salute della nostra bocca. L&#8217;<strong>igiene orale<\/strong>\u00a0\u00e8 la migliore medicina per la prevenzione di molte patologie e problematiche legate al cavo\u00a0<strong>orale<\/strong>. Quando i denti non sono ben puliti possono infiammare le gengive, provocare carie, dolore e infine la perdita del dente.<\/p>\n\n\n\n<div class=\"wp-block-image\"><figure class=\"aligncenter size-large\"><img loading=\"lazy\" decoding=\"async\" width=\"966\" height=\"142\" src=\"https:\/\/poliambulatorioprivatomedico.com\/poli\/wp-content\/uploads\/2021\/05\/separatore.png\" alt=\"\" class=\"wp-image-1376\" srcset=\"https:\/\/poliambulatorioprivatomedico.com\/poli\/wp-content\/uploads\/2021\/05\/separatore.png 966w, https:\/\/poliambulatorioprivatomedico.com\/poli\/wp-content\/uploads\/2021\/05\/separatore-300x44.png 300w, https:\/\/poliambulatorioprivatomedico.com\/poli\/wp-content\/uploads\/2021\/05\/separatore-768x113.png 768w\" sizes=\"auto, (max-width: 966px) 100vw, 966px\" \/><\/figure><\/div>\n","protected":false},"excerpt":{"rendered":"<p>IGIENE ORALE IGIENE Orale o detartrasi o ablazione tartaro sono questi diversi modi di definire la base del ns studio sia per i pazienti pi\u00f9 piccoli sia per i pazienti adulti. La seduta di igiene prevede anche e non solo per i pi\u00f9 piccoli, istruzione e motivazione questo perch\u00e9 a volte a casa l\u2019igiene orale [&hellip;]<\/p>\n","protected":false},"author":1,"featured_media":0,"parent":0,"menu_order":0,"comment_status":"closed","ping_status":"closed","template":"","meta":{"footnotes":""},"class_list":["post-1342","page","type-page","status-publish","hentry"],"yoast_head":"<!-- This site is optimized with the Yoast SEO plugin v26.4 - https:\/\/yoast.com\/wordpress\/plugins\/seo\/ -->\n<title>IGIENE ORALE - Poliambulatorio Privato Medico Odontoiatrico S.r.l. | Via Frassoni,13\/1 - 41034 Finale Emilia (Mo) P.iva 01467380380 - C.C.I.A.A. LIC.SAN.10075 16 Iscr.Reg.Imprese MO-332935 Direttore Sanitario: Dottor Alberto Facchini<\/title>\n<meta name=\"robots\" content=\"index, follow, max-snippet:-1, max-image-preview:large, max-video-preview:-1\" \/>\n<link rel=\"canonical\" href=\"https:\/\/poliambulatorioprivatomedico.com\/poli\/igiene-orale\/\" \/>\n<meta property=\"og:locale\" content=\"it_IT\" \/>\n<meta property=\"og:type\" content=\"article\" \/>\n<meta property=\"og:title\" content=\"IGIENE ORALE - Poliambulatorio Privato Medico Odontoiatrico S.r.l. | Via Frassoni,13\/1 - 41034 Finale Emilia (Mo) P.iva 01467380380 - C.C.I.A.A. LIC.SAN.10075 16 Iscr.Reg.Imprese MO-332935 Direttore Sanitario: Dottor Alberto Facchini\" \/>\n<meta property=\"og:description\" content=\"IGIENE ORALE IGIENE Orale o detartrasi o ablazione tartaro sono questi diversi modi di definire la base del ns studio sia per i pazienti pi\u00f9 piccoli sia per i pazienti adulti. La seduta di igiene prevede anche e non solo per i pi\u00f9 piccoli, istruzione e motivazione questo perch\u00e9 a volte a casa l\u2019igiene orale [&hellip;]\" \/>\n<meta property=\"og:url\" content=\"https:\/\/poliambulatorioprivatomedico.com\/poli\/igiene-orale\/\" \/>\n<meta property=\"og:site_name\" content=\"Poliambulatorio Privato Medico Odontoiatrico S.r.l. | Via Frassoni,13\/1 - 41034 Finale Emilia (Mo) P.iva 01467380380 - C.C.I.A.A. LIC.SAN.10075 16 Iscr.Reg.Imprese MO-332935 Direttore Sanitario: Dottor Alberto Facchini\" \/>\n<meta property=\"article:modified_time\" content=\"2021-05-01T12:56:06+00:00\" \/>\n<meta property=\"og:image\" content=\"https:\/\/poliambulatorioprivatomedico.com\/poli\/wp-content\/uploads\/2021\/05\/igiene-orale-spazzolino-950x545-1.jpg\" \/>\n<meta name=\"twitter:card\" content=\"summary_large_image\" \/>\n<meta name=\"twitter:label1\" content=\"Tempo di lettura stimato\" \/>\n\t<meta name=\"twitter:data1\" content=\"2 minuti\" \/>\n<script type=\"application\/ld+json\" class=\"yoast-schema-graph\">{\"@context\":\"https:\/\/schema.org\",\"@graph\":[{\"@type\":\"WebPage\",\"@id\":\"https:\/\/poliambulatorioprivatomedico.com\/poli\/igiene-orale\/\",\"url\":\"https:\/\/poliambulatorioprivatomedico.com\/poli\/igiene-orale\/\",\"name\":\"IGIENE ORALE - Poliambulatorio Privato Medico Odontoiatrico S.r.l. | Via Frassoni,13\/1 - 41034 Finale Emilia (Mo) P.iva 01467380380 - C.C.I.A.A. LIC.SAN.10075 16 Iscr.Reg.Imprese MO-332935 Direttore Sanitario: Dottor Alberto Facchini\",\"isPartOf\":{\"@id\":\"https:\/\/poliambulatorioprivatomedico.com\/poli\/#website\"},\"primaryImageOfPage\":{\"@id\":\"https:\/\/poliambulatorioprivatomedico.com\/poli\/igiene-orale\/#primaryimage\"},\"image\":{\"@id\":\"https:\/\/poliambulatorioprivatomedico.com\/poli\/igiene-orale\/#primaryimage\"},\"thumbnailUrl\":\"https:\/\/poliambulatorioprivatomedico.com\/poli\/wp-content\/uploads\/2021\/05\/igiene-orale-spazzolino-950x545-1.jpg\",\"datePublished\":\"2021-05-01T06:15:44+00:00\",\"dateModified\":\"2021-05-01T12:56:06+00:00\",\"breadcrumb\":{\"@id\":\"https:\/\/poliambulatorioprivatomedico.com\/poli\/igiene-orale\/#breadcrumb\"},\"inLanguage\":\"it-IT\",\"potentialAction\":[{\"@type\":\"ReadAction\",\"target\":[\"https:\/\/poliambulatorioprivatomedico.com\/poli\/igiene-orale\/\"]}]},{\"@type\":\"ImageObject\",\"inLanguage\":\"it-IT\",\"@id\":\"https:\/\/poliambulatorioprivatomedico.com\/poli\/igiene-orale\/#primaryimage\",\"url\":\"https:\/\/poliambulatorioprivatomedico.com\/poli\/wp-content\/uploads\/2021\/05\/igiene-orale-spazzolino-950x545-1.jpg\",\"contentUrl\":\"https:\/\/poliambulatorioprivatomedico.com\/poli\/wp-content\/uploads\/2021\/05\/igiene-orale-spazzolino-950x545-1.jpg\",\"width\":950,\"height\":545,\"caption\":\"igiene - orale\"},{\"@type\":\"BreadcrumbList\",\"@id\":\"https:\/\/poliambulatorioprivatomedico.com\/poli\/igiene-orale\/#breadcrumb\",\"itemListElement\":[{\"@type\":\"ListItem\",\"position\":1,\"name\":\"Home\",\"item\":\"https:\/\/poliambulatorioprivatomedico.com\/poli\/\"},{\"@type\":\"ListItem\",\"position\":2,\"name\":\"IGIENE ORALE\"}]},{\"@type\":\"WebSite\",\"@id\":\"https:\/\/poliambulatorioprivatomedico.com\/poli\/#website\",\"url\":\"https:\/\/poliambulatorioprivatomedico.com\/poli\/\",\"name\":\"Poliambulatorio Privato Medico Odontoiatrico S.r.l. | Via Frassoni,13\/1 - 41034 Finale Emilia (Mo) P.iva 01467380380 - C.C.I.A.A. LIC.SAN.10075 16 Iscr.Reg.Imprese MO-332935 Direttore Sanitario: Dottor Alberto Facchini\",\"description\":\"Uno di famiglia, per tutta la famiglia\",\"publisher\":{\"@id\":\"https:\/\/poliambulatorioprivatomedico.com\/poli\/#organization\"},\"potentialAction\":[{\"@type\":\"SearchAction\",\"target\":{\"@type\":\"EntryPoint\",\"urlTemplate\":\"https:\/\/poliambulatorioprivatomedico.com\/poli\/?s={search_term_string}\"},\"query-input\":{\"@type\":\"PropertyValueSpecification\",\"valueRequired\":true,\"valueName\":\"search_term_string\"}}],\"inLanguage\":\"it-IT\"},{\"@type\":\"Organization\",\"@id\":\"https:\/\/poliambulatorioprivatomedico.com\/poli\/#organization\",\"name\":\"Poliambulatorio Privato Medico Odontoiatrico S.r.l. | Via Frassoni,13\/1 - 41034 Finale Emilia (Mo) P.iva 01467380380 - C.C.I.A.A. LIC.SAN.10075 16 Iscr.Reg.Imprese MO-332935 Direttore Sanitario: Dottor Alberto Facchini\",\"url\":\"https:\/\/poliambulatorioprivatomedico.com\/poli\/\",\"logo\":{\"@type\":\"ImageObject\",\"inLanguage\":\"it-IT\",\"@id\":\"https:\/\/poliambulatorioprivatomedico.com\/poli\/#\/schema\/logo\/image\/\",\"url\":\"https:\/\/poliambulatorioprivatomedico.com\/poli\/wp-content\/uploads\/2021\/04\/logo-poli-bianco-sito.png\",\"contentUrl\":\"https:\/\/poliambulatorioprivatomedico.com\/poli\/wp-content\/uploads\/2021\/04\/logo-poli-bianco-sito.png\",\"width\":395,\"height\":84,\"caption\":\"Poliambulatorio Privato Medico Odontoiatrico S.r.l. | Via Frassoni,13\/1 - 41034 Finale Emilia (Mo) P.iva 01467380380 - C.C.I.A.A. LIC.SAN.10075 16 Iscr.Reg.Imprese MO-332935 Direttore Sanitario: Dottor Alberto Facchini\"},\"image\":{\"@id\":\"https:\/\/poliambulatorioprivatomedico.com\/poli\/#\/schema\/logo\/image\/\"}}]}<\/script>\n<!-- \/ Yoast SEO plugin. -->","yoast_head_json":{"title":"IGIENE ORALE - Poliambulatorio Privato Medico Odontoiatrico S.r.l. | Via Frassoni,13\/1 - 41034 Finale Emilia (Mo) P.iva 01467380380 - C.C.I.A.A. LIC.SAN.10075 16 Iscr.Reg.Imprese MO-332935 Direttore Sanitario: Dottor Alberto Facchini","robots":{"index":"index","follow":"follow","max-snippet":"max-snippet:-1","max-image-preview":"max-image-preview:large","max-video-preview":"max-video-preview:-1"},"canonical":"https:\/\/poliambulatorioprivatomedico.com\/poli\/igiene-orale\/","og_locale":"it_IT","og_type":"article","og_title":"IGIENE ORALE - Poliambulatorio Privato Medico Odontoiatrico S.r.l. | Via Frassoni,13\/1 - 41034 Finale Emilia (Mo) P.iva 01467380380 - C.C.I.A.A. LIC.SAN.10075 16 Iscr.Reg.Imprese MO-332935 Direttore Sanitario: Dottor Alberto Facchini","og_description":"IGIENE ORALE IGIENE Orale o detartrasi o ablazione tartaro sono questi diversi modi di definire la base del ns studio sia per i pazienti pi\u00f9 piccoli sia per i pazienti adulti. La seduta di igiene prevede anche e non solo per i pi\u00f9 piccoli, istruzione e motivazione questo perch\u00e9 a volte a casa l\u2019igiene orale [&hellip;]","og_url":"https:\/\/poliambulatorioprivatomedico.com\/poli\/igiene-orale\/","og_site_name":"Poliambulatorio Privato Medico Odontoiatrico S.r.l. | Via Frassoni,13\/1 - 41034 Finale Emilia (Mo) P.iva 01467380380 - C.C.I.A.A. LIC.SAN.10075 16 Iscr.Reg.Imprese MO-332935 Direttore Sanitario: Dottor Alberto Facchini","article_modified_time":"2021-05-01T12:56:06+00:00","og_image":[{"url":"https:\/\/poliambulatorioprivatomedico.com\/poli\/wp-content\/uploads\/2021\/05\/igiene-orale-spazzolino-950x545-1.jpg","type":"","width":"","height":""}],"twitter_card":"summary_large_image","twitter_misc":{"Tempo di lettura stimato":"2 minuti"},"schema":{"@context":"https:\/\/schema.org","@graph":[{"@type":"WebPage","@id":"https:\/\/poliambulatorioprivatomedico.com\/poli\/igiene-orale\/","url":"https:\/\/poliambulatorioprivatomedico.com\/poli\/igiene-orale\/","name":"IGIENE ORALE - Poliambulatorio Privato Medico Odontoiatrico S.r.l. | Via Frassoni,13\/1 - 41034 Finale Emilia (Mo) P.iva 01467380380 - C.C.I.A.A. LIC.SAN.10075 16 Iscr.Reg.Imprese MO-332935 Direttore Sanitario: Dottor Alberto Facchini","isPartOf":{"@id":"https:\/\/poliambulatorioprivatomedico.com\/poli\/#website"},"primaryImageOfPage":{"@id":"https:\/\/poliambulatorioprivatomedico.com\/poli\/igiene-orale\/#primaryimage"},"image":{"@id":"https:\/\/poliambulatorioprivatomedico.com\/poli\/igiene-orale\/#primaryimage"},"thumbnailUrl":"https:\/\/poliambulatorioprivatomedico.com\/poli\/wp-content\/uploads\/2021\/05\/igiene-orale-spazzolino-950x545-1.jpg","datePublished":"2021-05-01T06:15:44+00:00","dateModified":"2021-05-01T12:56:06+00:00","breadcrumb":{"@id":"https:\/\/poliambulatorioprivatomedico.com\/poli\/igiene-orale\/#breadcrumb"},"inLanguage":"it-IT","potentialAction":[{"@type":"ReadAction","target":["https:\/\/poliambulatorioprivatomedico.com\/poli\/igiene-orale\/"]}]},{"@type":"ImageObject","inLanguage":"it-IT","@id":"https:\/\/poliambulatorioprivatomedico.com\/poli\/igiene-orale\/#primaryimage","url":"https:\/\/poliambulatorioprivatomedico.com\/poli\/wp-content\/uploads\/2021\/05\/igiene-orale-spazzolino-950x545-1.jpg","contentUrl":"https:\/\/poliambulatorioprivatomedico.com\/poli\/wp-content\/uploads\/2021\/05\/igiene-orale-spazzolino-950x545-1.jpg","width":950,"height":545,"caption":"igiene - orale"},{"@type":"BreadcrumbList","@id":"https:\/\/poliambulatorioprivatomedico.com\/poli\/igiene-orale\/#breadcrumb","itemListElement":[{"@type":"ListItem","position":1,"name":"Home","item":"https:\/\/poliambulatorioprivatomedico.com\/poli\/"},{"@type":"ListItem","position":2,"name":"IGIENE ORALE"}]},{"@type":"WebSite","@id":"https:\/\/poliambulatorioprivatomedico.com\/poli\/#website","url":"https:\/\/poliambulatorioprivatomedico.com\/poli\/","name":"Poliambulatorio Privato Medico Odontoiatrico S.r.l. | Via Frassoni,13\/1 - 41034 Finale Emilia (Mo) P.iva 01467380380 - C.C.I.A.A. LIC.SAN.10075 16 Iscr.Reg.Imprese MO-332935 Direttore Sanitario: Dottor Alberto Facchini","description":"Uno di famiglia, per tutta la famiglia","publisher":{"@id":"https:\/\/poliambulatorioprivatomedico.com\/poli\/#organization"},"potentialAction":[{"@type":"SearchAction","target":{"@type":"EntryPoint","urlTemplate":"https:\/\/poliambulatorioprivatomedico.com\/poli\/?s={search_term_string}"},"query-input":{"@type":"PropertyValueSpecification","valueRequired":true,"valueName":"search_term_string"}}],"inLanguage":"it-IT"},{"@type":"Organization","@id":"https:\/\/poliambulatorioprivatomedico.com\/poli\/#organization","name":"Poliambulatorio Privato Medico Odontoiatrico S.r.l. | Via Frassoni,13\/1 - 41034 Finale Emilia (Mo) P.iva 01467380380 - C.C.I.A.A. LIC.SAN.10075 16 Iscr.Reg.Imprese MO-332935 Direttore Sanitario: Dottor Alberto Facchini","url":"https:\/\/poliambulatorioprivatomedico.com\/poli\/","logo":{"@type":"ImageObject","inLanguage":"it-IT","@id":"https:\/\/poliambulatorioprivatomedico.com\/poli\/#\/schema\/logo\/image\/","url":"https:\/\/poliambulatorioprivatomedico.com\/poli\/wp-content\/uploads\/2021\/04\/logo-poli-bianco-sito.png","contentUrl":"https:\/\/poliambulatorioprivatomedico.com\/poli\/wp-content\/uploads\/2021\/04\/logo-poli-bianco-sito.png","width":395,"height":84,"caption":"Poliambulatorio Privato Medico Odontoiatrico S.r.l. | Via Frassoni,13\/1 - 41034 Finale Emilia (Mo) P.iva 01467380380 - C.C.I.A.A. LIC.SAN.10075 16 Iscr.Reg.Imprese MO-332935 Direttore Sanitario: Dottor Alberto Facchini"},"image":{"@id":"https:\/\/poliambulatorioprivatomedico.com\/poli\/#\/schema\/logo\/image\/"}}]}},"_links":{"self":[{"href":"https:\/\/poliambulatorioprivatomedico.com\/poli\/wp-json\/wp\/v2\/pages\/1342","targetHints":{"allow":["GET"]}}],"collection":[{"href":"https:\/\/poliambulatorioprivatomedico.com\/poli\/wp-json\/wp\/v2\/pages"}],"about":[{"href":"https:\/\/poliambulatorioprivatomedico.com\/poli\/wp-json\/wp\/v2\/types\/page"}],"author":[{"embeddable":true,"href":"https:\/\/poliambulatorioprivatomedico.com\/poli\/wp-json\/wp\/v2\/users\/1"}],"replies":[{"embeddable":true,"href":"https:\/\/poliambulatorioprivatomedico.com\/poli\/wp-json\/wp\/v2\/comments?post=1342"}],"version-history":[{"count":10,"href":"https:\/\/poliambulatorioprivatomedico.com\/poli\/wp-json\/wp\/v2\/pages\/1342\/revisions"}],"predecessor-version":[{"id":1408,"href":"https:\/\/poliambulatorioprivatomedico.com\/poli\/wp-json\/wp\/v2\/pages\/1342\/revisions\/1408"}],"wp:attachment":[{"href":"https:\/\/poliambulatorioprivatomedico.com\/poli\/wp-json\/wp\/v2\/media?parent=1342"}],"curies":[{"name":"wp","href":"https:\/\/api.w.org\/{rel}","templated":true}]}}